{"id":2255,"date":"2025-09-02T18:20:53","date_gmt":"2025-09-02T16:20:53","guid":{"rendered":"https:\/\/www.eldeco.es\/trends\/?page_id=2255"},"modified":"2025-09-03T09:30:20","modified_gmt":"2025-09-03T07:30:20","slug":"depositos-agua-potable-fosa-septicas-rikutec","status":"publish","type":"page","link":"https:\/\/www.eldeco.es\/trends\/depositos-agua-potable-fosa-septicas-rikutec\/","title":{"rendered":"DEP\u00d3SITOS Y FOSAS S\u00c9PTICAS RIKUTEC"},"content":{"rendered":"\n[et_pb_section fb_built=\u00bb1&#8243; _builder_version=\u00bb4.16&#8243; background_color=\u00bb#000000&#8243; custom_padding=\u00bb0|0px|0|0px|true|false\u00bb global_colors_info=\u00bb{}\u00bb][et_pb_row _builder_version=\u00bb4.16&#8243; custom_padding=\u00bb8px|0px|0|0px|false|false\u00bb global_colors_info=\u00bb{}\u00bb][et_pb_column type=\u00bb4_4&#8243; _builder_version=\u00bb4.16&#8243; custom_padding=\u00bb|||\u00bb global_colors_info=\u00bb{}\u00bb custom_padding__hover=\u00bb|||\u00bb][et_pb_image src=\u00bbhttps:\/\/www.eldeco.es\/trends\/wp-content\/uploads\/2018\/09\/LOGOTIPO-ELDECO-NEGATIVO-02.png\u00bb url=\u00bbhttps:\/\/www.eldeco.es\/es\u00bb url_new_window=\u00bbon\u00bb align_tablet=\u00bbcenter\u00bb align_phone=\u00bb\u00bb align_last_edited=\u00bbon|desktop\u00bb _builder_version=\u00bb4.16&#8243; max_width=\u00bb40%\u00bb max_width_tablet=\u00bb96%\u00bb max_width_phone=\u00bb\u00bb max_width_last_edited=\u00bbon|phone\u00bb module_alignment=\u00bbcenter\u00bb global_colors_info=\u00bb{}\u00bb][\/et_pb_image][\/et_pb_column][\/et_pb_row][\/et_pb_section][et_pb_section fb_built=\u00bb1&#8243; fullwidth=\u00bbon\u00bb _builder_version=\u00bb4.27.4&#8243; _module_preset=\u00bbdefault\u00bb global_colors_info=\u00bb{}\u00bb][et_pb_fullwidth_header title=\u00bb\u00bfSin agua potable o sin alcantarillado? Rikutec tiene la soluci\u00f3n\u00bb subhead=\u00bbDep\u00f3sitos de agua potable, filtros biol\u00f3gicos y fosas s\u00e9pticas Rikutec\u00bb background_overlay_color=\u00bb#E09900&#8243; _builder_version=\u00bb4.27.4&#8243; _module_preset=\u00bbdefault\u00bb title_level=\u00bbh2&#8243; hover_enabled=\u00bb0&#8243; global_colors_info=\u00bb{}\u00bb sticky_enabled=\u00bb0&#8243;]\u00bfNo sabes c\u00f3mo tener agua potable o limpia en una zona rural, una casa aislada o una finca sin conexi\u00f3n a la red?\n\nRikutec ofrece soluciones para tener agua limpia en dep\u00f3sitos de agua para que no dependas de nadie.[\/et_pb_fullwidth_header][\/et_pb_section][et_pb_section fb_built=\u00bb1&#8243; _builder_version=\u00bb4.16&#8243; _module_preset=\u00bbdefault\u00bb min_height=\u00bb134.4px\u00bb custom_margin=\u00bb0px||-161px||false|false\u00bb custom_padding=\u00bb1px|||||\u00bb global_colors_info=\u00bb{}\u00bb][et_pb_row _builder_version=\u00bb4.16&#8243; _module_preset=\u00bbdefault\u00bb global_colors_info=\u00bb{}\u00bb][et_pb_column type=\u00bb4_4&#8243; _builder_version=\u00bb4.16&#8243; _module_preset=\u00bbdefault\u00bb global_colors_info=\u00bb{}\u00bb][et_pb_image src=\u00bbhttps:\/\/www.eldeco.es\/trends\/wp-content\/uploads\/2025\/09\/depositos-y-fosas-septicas-rikutek-alicante.jpg\u00bb alt=\u00bbDepositos de agua potable y fosas septicas rikutec en alicante\u00bb title_text=\u00bbdepositos y fosas septicas rikutek alicante\u00bb url=\u00bbhttps:\/\/www.eldeco.es\/pro\/noticias\/es\/39\/cesped-artificial-para-crear-tu-lugar-favorito.html\u00bb align=\u00bbcenter\u00bb _builder_version=\u00bb4.27.4&#8243; _module_preset=\u00bbdefault\u00bb global_colors_info=\u00bb{}\u00bb][\/et_pb_image][\/et_pb_column][\/et_pb_row][\/et_pb_section][et_pb_section fb_built=\u00bb1&#8243; _builder_version=\u00bb4.27.4&#8243; _module_preset=\u00bbdefault\u00bb width=\u00bb99.8%\u00bb custom_margin=\u00bb0px||||false|false\u00bb custom_padding=\u00bb||1px|||\u00bb global_colors_info=\u00bb{}\u00bb][et_pb_row column_structure=\u00bb1_2,1_2&#8243; _builder_version=\u00bb4.27.4&#8243; _module_preset=\u00bbdefault\u00bb custom_margin=\u00bb10px||||false|false\u00bb global_colors_info=\u00bb{}\u00bb][et_pb_column type=\u00bb1_2&#8243; _builder_version=\u00bb4.27.4&#8243; _module_preset=\u00bbdefault\u00bb global_colors_info=\u00bb{}\u00bb][et_pb_cta title=\u00bbDep\u00f3sitos de agua, filtros biol\u00f3gicos y fosas s\u00e9pticas rikutec\u00bb button_text=\u00bbM\u00e1s informaci\u00f3n\u00bb _builder_version=\u00bb4.27.4&#8243; _module_preset=\u00bbdefault\u00bb header_level=\u00bbh1&#8243; background_color=\u00bb#000000&#8243; hover_enabled=\u00bb0&#8243; global_colors_info=\u00bb{}\u00bb sticky_enabled=\u00bb0&#8243;]Rikutec lleva d\u00e9cadas ofreciendo dep\u00f3sitos de agua y filtros para quienes viven en zonas sin acceso a redes de agua o alcantarillado y quieren aprovechar el agua de lluvia. Su experiencia se refleja en una gama de productos pensada para entornos rurales: dep\u00f3sitos de agua potable con materiales certificados para consumo humano, fosas s\u00e9pticas compactas, depuradoras dom\u00e9sticas, filtros biol\u00f3gicos y sistemas de oxidaci\u00f3n total que aseguran un tratamiento eficaz de las aguas residuales.[\/et_pb_cta][\/et_pb_column][et_pb_column type=\u00bb1_2&#8243; _builder_version=\u00bb4.27.4&#8243; _module_preset=\u00bbdefault\u00bb global_colors_info=\u00bb{}\u00bb][et_pb_accordion _builder_version=\u00bb4.27.4&#8243; _module_preset=\u00bbdefault\u00bb global_colors_info=\u00bb{}\u00bb][et_pb_accordion_item title=\u00bbCapacidades desde 1.000 hasta 10.000 litros\u00bb _builder_version=\u00bb4.27.4&#8243; _module_preset=\u00bbdefault\u00bb global_colors_info=\u00bb{}\u00bb open=\u00bboff\u00bb]Para adaptarse a tus necesidades.[\/et_pb_accordion_item][et_pb_accordion_item title=\u00bbMateriales certificados para consumo humano\u00bb _builder_version=\u00bb4.27.4&#8243; _module_preset=\u00bbdefault\u00bb global_colors_info=\u00bb{}\u00bb open=\u00bboff\u00bb]Garantizando la seguridad del agua almacenada.[\/et_pb_accordion_item][et_pb_accordion_item title=\u00bbDise\u00f1o robusto y resistente a la intemperie\u00bb _builder_version=\u00bb4.27.4&#8243; _module_preset=\u00bbdefault\u00bb global_colors_info=\u00bb{}\u00bb open=\u00bboff\u00bb]Ideal para exteriores y zonas rurales.[\/et_pb_accordion_item][et_pb_accordion_item title=\u00bbF\u00e1cil instalaci\u00f3n y mantenimiento\u00bb open=\u00bbon\u00bb _builder_version=\u00bb4.27.4&#8243; _module_preset=\u00bbdefault\u00bb global_colors_info=\u00bb{}\u00bb]Sin necesidad de obras complicadas.[\/et_pb_accordion_item][\/et_pb_accordion][\/et_pb_column][\/et_pb_row][et_pb_row column_structure=\u00bb1_2,1_2&#8243; _builder_version=\u00bb4.27.4&#8243; _module_preset=\u00bbdefault\u00bb global_colors_info=\u00bb{}\u00bb][et_pb_column type=\u00bb1_2&#8243; _builder_version=\u00bb4.27.4&#8243; _module_preset=\u00bbdefault\u00bb global_colors_info=\u00bb{}\u00bb][et_pb_toggle title=\u00bbSistemas de depuraci\u00f3n compactos y eficientes\u00bb _builder_version=\u00bb4.27.4&#8243; _module_preset=\u00bbdefault\u00bb width=\u00bb99.9%\u00bb global_colors_info=\u00bb{}\u00bb]Perfectos para viviendas sin alcantarillado.[\/et_pb_toggle][et_pb_toggle title=\u00bbModelos con filtro biol\u00f3gico integrado\u00bb _builder_version=\u00bb4.27.4&#8243; _module_preset=\u00bbdefault\u00bb width=\u00bb99.9%\u00bb global_colors_info=\u00bb{}\u00bb]Que reducen olores y mejoran la calidad del efluente.[\/et_pb_toggle][et_pb_toggle title=\u00bbConstrucci\u00f3n en polietileno de alta densidad\u00bb _builder_version=\u00bb4.27.4&#8243; _module_preset=\u00bbdefault\u00bb width=\u00bb99.9%\u00bb global_colors_info=\u00bb{}\u00bb]Resistente a corrosi\u00f3n y productos qu\u00edmicos.[\/et_pb_toggle][et_pb_toggle title=\u00bbCumplen con la normativa europea\u00bb _builder_version=\u00bb4.27.4&#8243; _module_preset=\u00bbdefault\u00bb width=\u00bb99.9%\u00bb global_colors_info=\u00bb{}\u00bb]Asegurando un tratamiento adecuado de las aguas residuales.[\/et_pb_toggle][\/et_pb_column][et_pb_column type=\u00bb1_2&#8243; _builder_version=\u00bb4.27.4&#8243; _module_preset=\u00bbdefault\u00bb global_colors_info=\u00bb{}\u00bb][et_pb_cta title=\u00bbFosas s\u00e9pticas Epurbloc*\u00bb button_text=\u00bbM\u00e1s informaci\u00f3n\u00bb _builder_version=\u00bb4.27.4&#8243; _module_preset=\u00bbdefault\u00bb background_color=\u00bb#000000&#8243; global_colors_info=\u00bb{}\u00bb]Las fosas s\u00e9pticas Epurbloc son sistemas compactos y eficientes dise\u00f1ados para el tratamiento de aguas residuales dom\u00e9sticas en viviendas sin conexi\u00f3n al alcantarillado. Est\u00e1n pensadas para entornos rurales, casas aisladas, fincas o segundas residencias donde no llega la red de saneamiento p\u00fablico.\n\nFabricadas en polietileno de alta densidad (HDPE), las fosas s\u00e9pticas son resistentes a la corrosi\u00f3n, a los productos qu\u00edmicos y a las condiciones meteorol\u00f3gicas adversas. Su dise\u00f1o cerrado evita olores y requiere un mantenimiento m\u00ednimo.[\/et_pb_cta][\/et_pb_column][\/et_pb_row][\/et_pb_section][et_pb_section fb_built=\u00bb1&#8243; fullwidth=\u00bbon\u00bb _builder_version=\u00bb4.27.4&#8243; _module_preset=\u00bbdefault\u00bb global_colors_info=\u00bb{}\u00bb][et_pb_fullwidth_header title=\u00bbVentajas de elegir fosas s\u00e9pticas y dep\u00f3sitos de agua Rikutec\u00bb _builder_version=\u00bb4.27.4&#8243; _module_preset=\u00bbdefault\u00bb title_level=\u00bbh3&#8243; title_text_align=\u00bbcenter\u00bb title_font_size=\u00bb45px\u00bb background_color=\u00bbRGBA(255,255,255,0)\u00bb background_layout=\u00bblight\u00bb hover_enabled=\u00bb0&#8243; global_colors_info=\u00bb{}\u00bb sticky_enabled=\u00bb0&#8243;][\/et_pb_fullwidth_header][\/et_pb_section][et_pb_section fb_built=\u00bb1&#8243; _builder_version=\u00bb4.27.4&#8243; _module_preset=\u00bbdefault\u00bb custom_margin=\u00bb-80px||||false|false\u00bb global_colors_info=\u00bb{}\u00bb][et_pb_row column_structure=\u00bb1_4,1_4,1_4,1_4&#8243; _builder_version=\u00bb4.27.4&#8243; _module_preset=\u00bbdefault\u00bb global_colors_info=\u00bb{}\u00bb][et_pb_column type=\u00bb1_4&#8243; _builder_version=\u00bb4.27.4&#8243; _module_preset=\u00bbdefault\u00bb global_colors_info=\u00bb{}\u00bb][et_pb_text _builder_version=\u00bb4.27.4&#8243; _module_preset=\u00bbdefault\u00bb text_font_size=\u00bb26px\u00bb text_orientation=\u00bbcenter\u00bb global_colors_info=\u00bb{}\u00bb]Soluciones adaptadas a entornos rurales y aislados, donde otras opciones no llegan.[\/et_pb_text][\/et_pb_column][et_pb_column type=\u00bb1_4&#8243; _builder_version=\u00bb4.27.4&#8243; _module_preset=\u00bbdefault\u00bb global_colors_info=\u00bb{}\u00bb][et_pb_text _builder_version=\u00bb4.27.4&#8243; _module_preset=\u00bbdefault\u00bb text_font_size=\u00bb26px\u00bb text_orientation=\u00bbcenter\u00bb global_colors_info=\u00bb{}\u00bb]<p>Productos duraderos y de alta calidad, que requieren poco mantenimiento.<\/p>[\/et_pb_text][\/et_pb_column][et_pb_column type=\u00bb1_4&#8243; _builder_version=\u00bb4.27.4&#8243; _module_preset=\u00bbdefault\u00bb global_colors_info=\u00bb{}\u00bb][et_pb_text _builder_version=\u00bb4.27.4&#8243; _module_preset=\u00bbdefault\u00bb text_font_size=\u00bb26px\u00bb text_orientation=\u00bbcenter\u00bb global_colors_info=\u00bb{}\u00bb]Asesoramiento personalizado, para ayudarte a elegir la mejor opci\u00f3n seg\u00fan tus necesidades.[\/et_pb_text][\/et_pb_column][et_pb_column type=\u00bb1_4&#8243; _builder_version=\u00bb4.27.4&#8243; _module_preset=\u00bbdefault\u00bb global_colors_info=\u00bb{}\u00bb][et_pb_text _builder_version=\u00bb4.27.4&#8243; _module_preset=\u00bbdefault\u00bb text_font_size=\u00bb26px\u00bb text_orientation=\u00bbcenter\u00bb global_colors_info=\u00bb{}\u00bb]Entrega r\u00e1pida y soporte t\u00e9cnico, para que no tengas que preocuparte por nada.[\/et_pb_text][\/et_pb_column][\/et_pb_row][\/et_pb_section][et_pb_section fb_built=\u00bb1&#8243; _builder_version=\u00bb4.27.4&#8243; _module_preset=\u00bbdefault\u00bb global_colors_info=\u00bb{}\u00bb][et_pb_row _builder_version=\u00bb4.27.4&#8243; _module_preset=\u00bbdefault\u00bb global_colors_info=\u00bb{}\u00bb][et_pb_column type=\u00bb4_4&#8243; _builder_version=\u00bb4.27.4&#8243; _module_preset=\u00bbdefault\u00bb global_colors_info=\u00bb{}\u00bb][et_pb_text _builder_version=\u00bb4.27.4&#8243; _module_preset=\u00bbdefault\u00bb text_text_color=\u00bb#000000&#8243; background_color=\u00bbrgba(0,0,0,0)\u00bb custom_margin=\u00bb||38px|||\u00bb custom_padding=\u00bb0px|||||\u00bb link_option_url=\u00bbhttps:\/\/www.eldeco.es\/pro\/noticias\/es\/14\/como-limpiar-suelo-ceramico.html\u00bb global_colors_info=\u00bb{}\u00bb]<p style=\"text-align: center;\">\u00bfNecesitas ayuda para elegir? Nuestro equipo est\u00e1 listo para asesorarte y ofrecerte la soluci\u00f3n que mejor se adapte a tu situaci\u00f3n.<\/p>[\/et_pb_text][et_pb_button button_url=\u00bbhttps:\/\/eldeco.es\/es\/contacto\u00bb button_text=\u00bbContactar\u00bb button_alignment=\u00bbcenter\u00bb _builder_version=\u00bb4.27.4&#8243; _module_preset=\u00bbdefault\u00bb global_colors_info=\u00bb{}\u00bb][\/et_pb_button][\/et_pb_column][\/et_pb_row][\/et_pb_section][et_pb_section fb_built=\u00bb1&#8243; module_id=\u00bbformulario\u00bb _builder_version=\u00bb4.16&#8243; background_color=\u00bb#ffb700&#8243; custom_margin=\u00bb0px|0px|0px|0px\u00bb custom_padding=\u00bb29px|0px|29px|0px|true|false\u00bb global_colors_info=\u00bb{}\u00bb][et_pb_row _builder_version=\u00bb4.16&#8243; custom_padding=\u00bb25.5938px|0px|12px|0px|false|false\u00bb global_colors_info=\u00bb{}\u00bb][et_pb_column type=\u00bb4_4&#8243; _builder_version=\u00bb4.16&#8243; custom_padding=\u00bb|||\u00bb global_colors_info=\u00bb{}\u00bb custom_padding__hover=\u00bb|||\u00bb][et_pb_text _builder_version=\u00bb4.16&#8243; header_font=\u00bb||||||||\u00bb header_2_font=\u00bb|600|||||||\u00bb header_3_font=\u00bb|600|||||||\u00bb header_3_line_height_tablet=\u00bb\u00bb header_3_line_height_phone=\u00bb1.2em\u00bb header_3_line_height_last_edited=\u00bbon|phone\u00bb global_colors_info=\u00bb{}\u00bb]<h3 style=\"text-align: center;\">Para m\u00e1s informaci\u00f3n, cont\u00e1ctanos:<\/h3>\n<p style=\"text-align: center;\">En Eldeco contamos con Fila como distribuidores desde nuestro <a href=\"https:\/\/www.eldeco.es\/es\/almacen-de-materiales-de-construccion-en-alicante\"><span style=\"color: #333333;\">almac\u00e9n de materiales de construcci\u00f3n<\/span><\/a>, \u00bftienes alguna duda sobre este producto? Contacta con nosotros a trav\u00e9s del siguiente formulario.<\/p>[\/et_pb_text][\/et_pb_column][\/et_pb_row][et_pb_row _builder_version=\u00bb4.16&#8243; custom_padding=\u00bb0|0px|25.5938px|0px|false|false\u00bb global_colors_info=\u00bb{}\u00bb][et_pb_column type=\u00bb4_4&#8243; _builder_version=\u00bb4.16&#8243; custom_padding=\u00bb|||\u00bb global_colors_info=\u00bb{}\u00bb custom_padding__hover=\u00bb|||\u00bb][et_pb_text _builder_version=\u00bb4.16&#8243; max_width=\u00bb75%\u00bb max_width_tablet=\u00bb\u00bb max_width_phone=\u00bb90%\u00bb max_width_last_edited=\u00bbon|phone\u00bb module_alignment=\u00bbcenter\u00bb global_colors_info=\u00bb{}\u00bb] \n<div class=\"wpcf7 no-js\" id=\"wpcf7-f167-o1\" lang=\"es-ES\" dir=\"ltr\">\n<div class=\"screen-reader-response\"><p role=\"status\" aria-live=\"polite\" aria-atomic=\"true\"><\/p> <ul><\/ul><\/div>\n<form action=\"\/trends\/wp-json\/wp\/v2\/pages\/2255#wpcf7-f167-o1\" method=\"post\" class=\"wpcf7-form init\" aria-label=\"Formulario de contacto\" novalidate=\"novalidate\" data-status=\"init\">\n<div style=\"display: none;\">\n<input type=\"hidden\" name=\"_wpcf7\" value=\"167\" \/>\n<input type=\"hidden\" name=\"_wpcf7_version\" value=\"5.8\" \/>\n<input type=\"hidden\" name=\"_wpcf7_locale\" value=\"es_ES\" \/>\n<input type=\"hidden\" name=\"_wpcf7_unit_tag\" value=\"wpcf7-f167-o1\" \/>\n<input type=\"hidden\" name=\"_wpcf7_container_post\" value=\"0\" \/>\n<input type=\"hidden\" name=\"_wpcf7_posted_data_hash\" value=\"\" \/>\n<input type=\"hidden\" name=\"_wpcf7_recaptcha_response\" value=\"\" \/>\n<\/div>\n<p><label> Nombre<br \/>\n<span class=\"wpcf7-form-control-wrap\" data-name=\"your-name\"><input size=\"40\" class=\"wpcf7-form-control wpcf7-text wpcf7-validates-as-required\" aria-required=\"true\" aria-invalid=\"false\" value=\"\" type=\"text\" name=\"your-name\" \/><\/span> <\/label>\n<\/p>\n<p><label> Correo electr\u00f3nico<br \/>\n<span class=\"wpcf7-form-control-wrap\" data-name=\"your-email\"><input size=\"40\" class=\"wpcf7-form-control wpcf7-email wpcf7-validates-as-required wpcf7-text wpcf7-validates-as-email\" aria-required=\"true\" aria-invalid=\"false\" value=\"\" type=\"email\" name=\"your-email\" \/><\/span> <\/label>\n<\/p>\n<p><label> Tel\u00e9fono<br \/>\n<span class=\"wpcf7-form-control-wrap\" data-name=\"your-tel\"><input size=\"40\" class=\"wpcf7-form-control wpcf7-tel wpcf7-validates-as-required wpcf7-text wpcf7-validates-as-tel\" aria-required=\"true\" aria-invalid=\"false\" value=\"\" type=\"tel\" name=\"your-tel\" \/><\/span> <\/label>\n<\/p>\n<p><label> Comentarios<br \/>\n<span class=\"wpcf7-form-control-wrap\" data-name=\"your-message\"><textarea cols=\"40\" rows=\"10\" class=\"wpcf7-form-control wpcf7-textarea\" aria-invalid=\"false\" name=\"your-message\"><\/textarea><\/span> <\/label>\n<\/p>\n<p><span class=\"wpcf7-form-control-wrap\" data-name=\"acceptance-697\"><span class=\"wpcf7-form-control wpcf7-acceptance optional\"><span class=\"wpcf7-list-item\"><label><input type=\"checkbox\" name=\"acceptance-697\" value=\"1\" aria-invalid=\"false\" \/><span class=\"wpcf7-list-item-label\">Acepto la <a href=\"https:\/\/www.eldeco.es\/trends\/politica-de-privacidad\/\" style=\"color:#fff;\">Pol\u00edtica de privacidad<\/a><\/span><\/label><\/span><\/span><\/span>\n<\/p>\n<p><input class=\"wpcf7-form-control wpcf7-submit has-spinner\" type=\"submit\" value=\"Solicitar m\u00e1s informaci\u00f3n\" \/>\n<\/p><div class=\"wpcf7-response-output\" aria-hidden=\"true\"><\/div>\n<\/form>\n<\/div>\n [\/et_pb_text][\/et_pb_column][\/et_pb_row][\/et_pb_section][et_pb_section fb_built=\u00bb1&#8243; module_id=\u00bbcontacto\u00bb _builder_version=\u00bb3.22&#8243; background_image=\u00bbhttps:\/\/www.eldeco.es\/trends\/wp-content\/uploads\/2018\/09\/eldeco-fondonegro.jpg\u00bb custom_padding=\u00bb40px|0px|11px|0px|false|false\u00bb global_module=\u00bb821&#8243; saved_tabs=\u00bball\u00bb global_colors_info=\u00bb{}\u00bb][et_pb_row _builder_version=\u00bb4.16&#8243; custom_padding=\u00bb28px|0px|28px|0px|true|false\u00bb global_colors_info=\u00bb{}\u00bb][et_pb_column type=\u00bb4_4&#8243; _builder_version=\u00bb4.16&#8243; custom_padding=\u00bb|||\u00bb global_colors_info=\u00bb{}\u00bb custom_padding__hover=\u00bb|||\u00bb][et_pb_text _builder_version=\u00bb4.16&#8243; text_font=\u00bb||||||||\u00bb header_font=\u00bb|600|||||||\u00bb header_text_color=\u00bb#ffb700&#8243; header_font_size=\u00bb42px\u00bb header_2_font=\u00bb|600|||||||\u00bb header_2_font_size=\u00bb25px\u00bb text_orientation=\u00bbcenter\u00bb background_layout=\u00bbdark\u00bb max_width=\u00bb70%\u00bb module_alignment=\u00bbcenter\u00bb global_colors_info=\u00bb{}\u00bb]<h2>Almac\u00e9n de materiales Eldeco<\/h2>\n<p>Camino de la Cantera Partida Serreta Muxara, 03530 La Nucia, Alicante \u00b7\u00a0<a class=\"telcontenido\" href=\"tel:\/\/649456149\">649 45 61 49<\/a><\/p>\n<p><span style=\"font-size: 15px;\">HORARIO: Lunes a Viernes 9.00 -14.00 \u2013 16.00-20.00 S\u00e1bados: 9.00-13.00<\/span><\/p>[\/et_pb_text][et_pb_text _builder_version=\u00bb4.16&#8243; _module_preset=\u00bbdefault\u00bb global_colors_info=\u00bb{}\u00bb]<p style=\"text-align: center;\">        <div class=\"rplg\" itemscope=\"\" itemtype=\"http:\/\/schema.org\/LocalBusiness\" style=\"margin:0 auto!important;\" data-id=\"820\"><svg style=\"display:none\"><defs><g id=\"star\" width=\"17\" height=\"17\"><path d=\"M1728 647q0 22-26 48l-363 354 86 500q1 7 1 20 0 21-10.5 35.5t-30.5 14.5q-19 0-40-12l-449-236-449 236q-22 12-40 12-21 0-31.5-14.5t-10.5-35.5q0-6 2-20l86-500-364-354q-25-27-25-48 0-37 56-46l502-73 225-455q19-41 49-41t49 41l225 455 502 73q56 9 56 46z\"><\/path><\/g><g id=\"star-half\" width=\"17\" height=\"17\"><path d=\"M1250 957l257-250-356-52-66-10-30-60-159-322v963l59 31 318 168-60-355-12-66zm452-262l-363 354 86 500q5 33-6 51.5t-34 18.5q-17 0-40-12l-449-236-449 236q-23 12-40 12-23 0-34-18.5t-6-51.5l86-500-364-354q-32-32-23-59.5t54-34.5l502-73 225-455q20-41 49-41 28 0 49 41l225 455 502 73q45 7 54 34.5t-24 59.5z\"><\/path><\/g><g id=\"star-o\" width=\"17\" height=\"17\"><path d=\"M1201 1004l306-297-422-62-189-382-189 382-422 62 306 297-73 421 378-199 377 199zm527-357q0 22-26 48l-363 354 86 500q1 7 1 20 0 50-41 50-19 0-40-12l-449-236-449 236q-22 12-40 12-21 0-31.5-14.5t-10.5-35.5q0-6 2-20l86-500-364-354q-25-27-25-48 0-37 56-46l502-73 225-455q19-41 49-41t49 41l225 455 502 73q56 9 56 46z\" fill=\"#ccc\"><\/path><\/g><g id=\"logo-g\" height=\"44\" width=\"44\" fill=\"none\" fill-rule=\"evenodd\"><path d=\"M482.56 261.36c0-16.73-1.5-32.83-4.29-48.27H256v91.29h127.01c-5.47 29.5-22.1 54.49-47.09 71.23v59.21h76.27c44.63-41.09 70.37-101.59 70.37-173.46z\" fill=\"#4285f4\"><\/path><path d=\"M256 492c63.72 0 117.14-21.13 156.19-57.18l-76.27-59.21c-21.13 14.16-48.17 22.53-79.92 22.53-61.47 0-113.49-41.51-132.05-97.3H45.1v61.15c38.83 77.13 118.64 130.01 210.9 130.01z\" fill=\"#34a853\"><\/path><path d=\"M123.95 300.84c-4.72-14.16-7.4-29.29-7.4-44.84s2.68-30.68 7.4-44.84V150.01H45.1C29.12 181.87 20 217.92 20 256c0 38.08 9.12 74.13 25.1 105.99l78.85-61.15z\" fill=\"#fbbc05\"><\/path><path d=\"M256 113.86c34.65 0 65.76 11.91 90.22 35.29l67.69-67.69C373.03 43.39 319.61 20 256 20c-92.25 0-172.07 52.89-210.9 130.01l78.85 61.15c18.56-55.78 70.59-97.3 132.05-97.3z\" fill=\"#ea4335\"><\/path><path d=\"M20 20h472v472H20V20z\"><\/path><\/g><g id=\"logo-f\" width=\"30\" height=\"30\" transform=\"translate(23,85) scale(0.05,-0.05)\"><path fill=\"#fff\" d=\"M959 1524v-264h-157q-86 0 -116 -36t-30 -108v-189h293l-39 -296h-254v-759h-306v759h-255v296h255v218q0 186 104 288.5t277 102.5q147 0 228 -12z\"><\/path><\/g><g id=\"logo-y\" x=\"0px\" y=\"0px\" width=\"44\" height=\"44\" style=\"enable-background:new 0 0 533.33 533.33;\" xml:space=\"preserve\"><path d=\"M317.119,340.347c-9.001,9.076-1.39,25.586-1.39,25.586l67.757,113.135c0,0,11.124,14.915,20.762,14.915   c9.683,0,19.246-7.952,19.246-7.952l53.567-76.567c0,0,5.395-9.658,5.52-18.12c0.193-12.034-17.947-15.33-17.947-15.33   l-126.816-40.726C337.815,335.292,325.39,331.994,317.119,340.347z M310.69,283.325c6.489,11.004,24.389,7.798,24.389,7.798   l126.532-36.982c0,0,17.242-7.014,19.704-16.363c2.415-9.352-2.845-20.637-2.845-20.637l-60.468-71.225   c0,0-5.24-9.006-16.113-9.912c-11.989-1.021-19.366,13.489-19.366,13.489l-71.494,112.505   C311.029,261.999,304.709,273.203,310.69,283.325z M250.91,239.461c14.9-3.668,17.265-25.314,17.265-25.314l-1.013-180.14   c0,0-2.247-22.222-12.232-28.246c-15.661-9.501-20.303-4.541-24.79-3.876l-105.05,39.033c0,0-10.288,3.404-15.646,11.988   c-7.651,12.163,7.775,29.972,7.775,29.972l109.189,148.831C226.407,231.708,237.184,242.852,250.91,239.461z M224.967,312.363   c0.376-13.894-16.682-22.239-16.682-22.239L95.37,233.079c0,0-16.732-6.899-24.855-2.091c-6.224,3.677-11.738,10.333-12.277,16.216   l-7.354,90.528c0,0-1.103,15.685,2.963,22.821c5.758,10.128,24.703,3.074,24.703,3.074L210.37,334.49   C215.491,331.048,224.471,330.739,224.967,312.363z M257.746,361.219c-11.315-5.811-24.856,6.224-24.856,6.224l-88.265,97.17   c0,0-11.012,14.858-8.212,23.982c2.639,8.552,7.007,12.802,13.187,15.797l88.642,27.982c0,0,10.747,2.231,18.884-0.127   c11.552-3.349,9.424-21.433,9.424-21.433l2.003-131.563C268.552,379.253,268.101,366.579,257.746,361.219z\" fill=\"#D80027\"\/><\/g><g id=\"dots\" fill=\"none\" fill-rule=\"evenodd\" width=\"12\" height=\"12\"><circle cx=\"6\" cy=\"3\" r=\"1\" fill=\"#000\"\/><circle cx=\"6\" cy=\"6\" r=\"1\" fill=\"#000\"\/><circle cx=\"6\" cy=\"9\" r=\"1\" fill=\"#000\"\/><\/g><\/defs><\/svg><div class=\"rplg-badge-cnt                                         rplg-badge-center                            \"><div class=\"rplg-badge2\"                                data-provider=\"google\"            ><div class=\"rplg-badge2-border\"><\/div><meta itemprop=\"name\" content=\"Eldeco \u2013 Almacen Materiales de construcci\u00f3n -\"><meta itemprop=\"image\" content=\"https:\/\/www.eldeco.es\/trends\/wp-content\/uploads\/2020\/10\/i_1543348890.jpg\" name=\"Eldeco \u2013 Almacen Materiales de construcci\u00f3n -\"\/><span itemprop=\"address\" itemscope itemtype=\"http:\/\/schema.org\/PostalAddress\"><meta itemprop=\"streetAddress\" content=\"Camino de la Cantera Partida Serreta Muxara\"\/><meta itemprop=\"addressLocality\" content=\"La Nucia\"\/><meta itemprop=\"addressRegion\" content=\"Alicante\"\/><meta itemprop=\"postalCode\" content=\"03530\"\/><meta itemprop=\"addressCountry\" content=\"Espa\u00f1a\"\/><\/span><meta itemprop=\"priceRange\" content=\"$$\"\/><meta itemprop=\"telephone\" content=\"+34 649 45 61 49\"\/><div class=\"rplg-badge2-btn rplg-badge2-clickable\"><svg viewBox=\"0 0 512 512\" width=\"44\" height=\"44\"><use xlink:href=\"#logo-g\"\/><\/svg><div class=\"rplg-badge2-score\"><div>Valoraci\u00f3n en Google<\/div><div itemprop=\"aggregateRating\" itemscope=\"\" itemtype=\"http:\/\/schema.org\/AggregateRating\"><div class=\"rplg-biz-rating rplg-trim rplg-biz-google\"><div class=\"rplg-biz-score\" itemprop=\"ratingValue\">4.7<\/div><div class=\"rplg-stars\"><svg viewBox=\"0 0 1792 1792\" width=\"17\" height=\"17\"><use xlink:href=\"#star\" fill=\"#e7711b\"\/><\/svg><svg viewBox=\"0 0 1792 1792\" width=\"17\" height=\"17\"><use xlink:href=\"#star\" fill=\"#e7711b\"\/><\/svg><svg viewBox=\"0 0 1792 1792\" width=\"17\" height=\"17\"><use xlink:href=\"#star\" fill=\"#e7711b\"\/><\/svg><svg viewBox=\"0 0 1792 1792\" width=\"17\" height=\"17\"><use xlink:href=\"#star\" fill=\"#e7711b\"\/><\/svg><svg viewBox=\"0 0 1792 1792\" width=\"17\" height=\"17\"><use xlink:href=\"#star-half\" fill=\"#e7711b\"\/><\/svg><\/div><\/div><div class=\"rplg-biz-based rplg-trim\"><span class=\"rplg-biz-based-text\">Basado en <span itemprop=\"ratingCount\">73<\/span> opiniones<\/span><meta itemprop=\"bestRating\" content=\"5\"\/><\/div><\/div><\/div><\/div><div class=\"rplg-form \" style=\"display:none\"><div class=\"rplg-form-head\"><div class=\"rplg-form-head-inner\"><div class=\"rplg-row\"><div class=\"rplg-row-left\"><img loading=\"lazy\" decoding=\"async\" src=\"data:image\/gif;base64,R0lGODlhAQABAIAAAAAAAP\/\/\/yH5BAEAAAAALAAAAAABAAEAAAIBRAA7\" data-src=\"https:\/\/www.eldeco.es\/trends\/wp-content\/uploads\/2020\/10\/i_1543348890.jpg\" class=\"rplg-review-avatar rplg-blazy\" alt=\"Eldeco \u2013 Almacen Materiales de construcci\u00f3n -\" width=\"50\" height=\"50\" title=\"Eldeco \u2013 Almacen Materiales de construcci\u00f3n -\" onerror=\"if(this.src!='data:image\/gif;base64,R0lGODlhAQABAIAAAAAAAP\/\/\/yH5BAEAAAAALAAAAAABAAEAAAIBRAA7')this.src='data:image\/gif;base64,R0lGODlhAQABAIAAAAAAAP\/\/\/yH5BAEAAAAALAAAAAABAAEAAAIBRAA7';\" ><\/div><div class=\"rplg-row-right rplg-trim\">                                    Eldeco \u2013 Almacen Materiales de construcci\u00f3n -        <div ><div class=\"rplg-biz-rating rplg-trim rplg-biz-google\"><div class=\"rplg-biz-score\" >4.7<\/div><div class=\"rplg-stars\"><svg viewBox=\"0 0 1792 1792\" width=\"17\" height=\"17\"><use xlink:href=\"#star\" fill=\"#e7711b\"\/><\/svg><svg viewBox=\"0 0 1792 1792\" width=\"17\" height=\"17\"><use xlink:href=\"#star\" fill=\"#e7711b\"\/><\/svg><svg viewBox=\"0 0 1792 1792\" width=\"17\" height=\"17\"><use xlink:href=\"#star\" fill=\"#e7711b\"\/><\/svg><svg viewBox=\"0 0 1792 1792\" width=\"17\" height=\"17\"><use xlink:href=\"#star\" fill=\"#e7711b\"\/><\/svg><svg viewBox=\"0 0 1792 1792\" width=\"17\" height=\"17\"><use xlink:href=\"#star-half\" fill=\"#e7711b\"\/><\/svg><\/div><\/div><\/div><\/div><\/div><\/div><button class=\"rplg-form-close\" type=\"button\" onclick=\"_rplg_get_parent(this, 'rplg-form').style.display='none'\">\u00d7<\/button><\/div><div class=\"rplg-form-body\"><\/div><div class=\"rplg-form-content\"><div class=\"rplg-form-content-inner\"><div class=\"rplg-form-review \"><div class=\"rplg-row rplg-row-start\"><div class=\"rplg-row-left\"><img loading=\"lazy\" decoding=\"async\" src=\"https:\/\/www.eldeco.es\/trends\/wp-content\/plugins\/business-reviews-bundle\/assets\/img\/google_avatar.png\" data-src=\"https:\/\/lh3.googleusercontent.com\/a-\/ALV-UjUkjuIUduJ-H0sFh4sh2ez7JEPq0GEuf_s1LoK4BroqC5H0B-d1vw=s56-c0x00000000-cc-rp-mo\" class=\"rplg-review-avatar rplg-blazy\" alt=\"Vicente S.\" width=\"50\" height=\"50\" title=\"Vicente S.\" onerror=\"if(this.src!='https:\/\/www.eldeco.es\/trends\/wp-content\/plugins\/business-reviews-bundle\/assets\/img\/google_avatar.png')this.src='https:\/\/www.eldeco.es\/trends\/wp-content\/plugins\/business-reviews-bundle\/assets\/img\/google_avatar.png';\" ><\/div><div class=\"rplg-row-right\"><a href=\"https:\/\/www.google.com\/maps\/contrib\/118366809426001223974\/reviews\" class=\"rplg-review-name rplg-trim\" target=\"_blank\" rel=\"noopener\" rel=\"nofollow\"  title=\"Vicente S.\">Vicente S.<\/a><div class=\"rplg-review-time rplg-trim\" data-time=\"1722856685\">11:18 05 Aug 24<\/div><div class=\"rplg-box-content\"><div class=\"rplg-stars\"><svg viewBox=\"0 0 1792 1792\" width=\"17\" height=\"17\"><use xlink:href=\"#star\" fill=\"#e7711b\"\/><\/svg><svg viewBox=\"0 0 1792 1792\" width=\"17\" height=\"17\"><use xlink:href=\"#star\" fill=\"#e7711b\"\/><\/svg><svg viewBox=\"0 0 1792 1792\" width=\"17\" height=\"17\"><use xlink:href=\"#star\" fill=\"#e7711b\"\/><\/svg><svg viewBox=\"0 0 1792 1792\" width=\"17\" height=\"17\"><use xlink:href=\"#star\" fill=\"#e7711b\"\/><\/svg><svg viewBox=\"0 0 1792 1792\" width=\"17\" height=\"17\"><use xlink:href=\"#star\" fill=\"#e7711b\"\/><\/svg><\/div><span class=\"rplg-review-text\">Un gran cambio a mejor.Con su nuevo local.<\/span><\/div><\/div><\/div><\/div><div class=\"rplg-form-review \"><div class=\"rplg-row rplg-row-start\"><div class=\"rplg-row-left\"><img loading=\"lazy\" decoding=\"async\" src=\"https:\/\/www.eldeco.es\/trends\/wp-content\/plugins\/business-reviews-bundle\/assets\/img\/google_avatar.png\" data-src=\"https:\/\/lh3.googleusercontent.com\/a-\/ALV-UjWF97VxobtCXJzVT3-ka8l69NDKxmZPkkCa24ISNCJeU1W9BKiN8A=s56-c0x00000000-cc-rp-mo-ba4\" class=\"rplg-review-avatar rplg-blazy\" alt=\"Pedro de Gea L.\" width=\"50\" height=\"50\" title=\"Pedro de Gea L.\" onerror=\"if(this.src!='https:\/\/www.eldeco.es\/trends\/wp-content\/plugins\/business-reviews-bundle\/assets\/img\/google_avatar.png')this.src='https:\/\/www.eldeco.es\/trends\/wp-content\/plugins\/business-reviews-bundle\/assets\/img\/google_avatar.png';\" ><\/div><div class=\"rplg-row-right\"><a href=\"https:\/\/www.google.com\/maps\/contrib\/113461298532721001856\/reviews\" class=\"rplg-review-name rplg-trim\" target=\"_blank\" rel=\"noopener\" rel=\"nofollow\"  title=\"Pedro de Gea L.\">Pedro de Gea L.<\/a><div class=\"rplg-review-time rplg-trim\" data-time=\"1715804387\">20:19 15 May 24<\/div><div class=\"rplg-box-content\"><div class=\"rplg-stars\"><svg viewBox=\"0 0 1792 1792\" width=\"17\" height=\"17\"><use xlink:href=\"#star\" fill=\"#e7711b\"\/><\/svg><svg viewBox=\"0 0 1792 1792\" width=\"17\" height=\"17\"><use xlink:href=\"#star\" fill=\"#e7711b\"\/><\/svg><svg viewBox=\"0 0 1792 1792\" width=\"17\" height=\"17\"><use xlink:href=\"#star\" fill=\"#e7711b\"\/><\/svg><svg viewBox=\"0 0 1792 1792\" width=\"17\" height=\"17\"><use xlink:href=\"#star\" fill=\"#e7711b\"\/><\/svg><svg viewBox=\"0 0 1792 1792\" width=\"17\" height=\"17\"><use xlink:href=\"#star\" fill=\"#e7711b\"\/><\/svg><\/div><span class=\"rplg-review-text\">Muy profesionales, atentos, r\u00e1pidos, cero problemas.Muy recomendable.<\/span><\/div><\/div><\/div><\/div><div class=\"rplg-form-review \"><div class=\"rplg-row rplg-row-start\"><div class=\"rplg-row-left\"><img loading=\"lazy\" decoding=\"async\" src=\"https:\/\/www.eldeco.es\/trends\/wp-content\/plugins\/business-reviews-bundle\/assets\/img\/google_avatar.png\" data-src=\"https:\/\/lh3.googleusercontent.com\/a\/ACg8ocIP9RcZbJMspskevy5Idvc2579K9qqdqwNewvNm0vmjuSFMXQ=s56-c0x00000000-cc-rp-mo-ba4\" class=\"rplg-review-avatar rplg-blazy\" alt=\"Alberto B.\" width=\"50\" height=\"50\" title=\"Alberto B.\" onerror=\"if(this.src!='https:\/\/www.eldeco.es\/trends\/wp-content\/plugins\/business-reviews-bundle\/assets\/img\/google_avatar.png')this.src='https:\/\/www.eldeco.es\/trends\/wp-content\/plugins\/business-reviews-bundle\/assets\/img\/google_avatar.png';\" ><\/div><div class=\"rplg-row-right\"><a href=\"https:\/\/www.google.com\/maps\/contrib\/114642373072937661287\/reviews\" class=\"rplg-review-name rplg-trim\" target=\"_blank\" rel=\"noopener\" rel=\"nofollow\"  title=\"Alberto B.\">Alberto B.<\/a><div class=\"rplg-review-time rplg-trim\" data-time=\"1657357582\">09:06 09 Jul 22<\/div><div class=\"rplg-box-content\"><div class=\"rplg-stars\"><svg viewBox=\"0 0 1792 1792\" width=\"17\" height=\"17\"><use xlink:href=\"#star\" fill=\"#e7711b\"\/><\/svg><svg viewBox=\"0 0 1792 1792\" width=\"17\" height=\"17\"><use xlink:href=\"#star\" fill=\"#e7711b\"\/><\/svg><svg viewBox=\"0 0 1792 1792\" width=\"17\" height=\"17\"><use xlink:href=\"#star\" fill=\"#e7711b\"\/><\/svg><svg viewBox=\"0 0 1792 1792\" width=\"17\" height=\"17\"><use xlink:href=\"#star\" fill=\"#e7711b\"\/><\/svg><svg viewBox=\"0 0 1792 1792\" width=\"17\" height=\"17\"><use xlink:href=\"#star\" fill=\"#e7711b\"\/><\/svg><\/div><span class=\"rplg-review-text\">Muy buen almac\u00e9n de construcci\u00f3n azulejos y ferreter\u00edaRelaci\u00f3n calidad precio inmejorableMuy buen asesoramiento y servicio<\/span><\/div><\/div><\/div><\/div><div class=\"rplg-form-review \"><div class=\"rplg-row rplg-row-start\"><div class=\"rplg-row-left\"><img loading=\"lazy\" decoding=\"async\" src=\"https:\/\/www.eldeco.es\/trends\/wp-content\/plugins\/business-reviews-bundle\/assets\/img\/google_avatar.png\" data-src=\"https:\/\/lh3.googleusercontent.com\/a\/AATXAJxU4BDFU0atKeLKPoPo9Xq89JardixqLbxQwv49=s56-c0x00000000-cc-rp-mo\" class=\"rplg-review-avatar rplg-blazy\" alt=\"Jorge Ricardo Chasiluisa U.\" width=\"50\" height=\"50\" title=\"Jorge Ricardo Chasiluisa U.\" onerror=\"if(this.src!='https:\/\/www.eldeco.es\/trends\/wp-content\/plugins\/business-reviews-bundle\/assets\/img\/google_avatar.png')this.src='https:\/\/www.eldeco.es\/trends\/wp-content\/plugins\/business-reviews-bundle\/assets\/img\/google_avatar.png';\" ><\/div><div class=\"rplg-row-right\"><a href=\"https:\/\/www.google.com\/maps\/contrib\/113977975915690885221\/reviews\" class=\"rplg-review-name rplg-trim\" target=\"_blank\" rel=\"noopener\" rel=\"nofollow\"  title=\"Jorge Ricardo Chasiluisa U.\">Jorge Ricardo Chasiluisa U.<\/a><div class=\"rplg-review-time rplg-trim\" data-time=\"1633014865\">15:14 30 Sep 21<\/div><div class=\"rplg-box-content\"><div class=\"rplg-stars\"><svg viewBox=\"0 0 1792 1792\" width=\"17\" height=\"17\"><use xlink:href=\"#star\" fill=\"#e7711b\"\/><\/svg><svg viewBox=\"0 0 1792 1792\" width=\"17\" height=\"17\"><use xlink:href=\"#star\" fill=\"#e7711b\"\/><\/svg><svg viewBox=\"0 0 1792 1792\" width=\"17\" height=\"17\"><use xlink:href=\"#star\" fill=\"#e7711b\"\/><\/svg><svg viewBox=\"0 0 1792 1792\" width=\"17\" height=\"17\"><use xlink:href=\"#star\" fill=\"#e7711b\"\/><\/svg><svg viewBox=\"0 0 1792 1792\" width=\"17\" height=\"17\"><use xlink:href=\"#star\" fill=\"#e7711b\"\/><\/svg><\/div><span class=\"rplg-review-text\">Son perfectos<\/span><\/div><\/div><\/div><\/div><div class=\"rplg-form-review \"><div class=\"rplg-row rplg-row-start\"><div class=\"rplg-row-left\"><img loading=\"lazy\" decoding=\"async\" src=\"https:\/\/www.eldeco.es\/trends\/wp-content\/plugins\/business-reviews-bundle\/assets\/img\/google_avatar.png\" data-src=\"https:\/\/lh3.googleusercontent.com\/a-\/ALV-UjX9I_SOnN_U5x073Mv9zmfcfBjC56YKyKayAU-9xeyHx5Z2jeLO=s56-c0x00000000-cc-rp-mo-ba4\" class=\"rplg-review-avatar rplg-blazy\" alt=\"Cantera P.\" width=\"50\" height=\"50\" title=\"Cantera P.\" onerror=\"if(this.src!='https:\/\/www.eldeco.es\/trends\/wp-content\/plugins\/business-reviews-bundle\/assets\/img\/google_avatar.png')this.src='https:\/\/www.eldeco.es\/trends\/wp-content\/plugins\/business-reviews-bundle\/assets\/img\/google_avatar.png';\" ><\/div><div class=\"rplg-row-right\"><a href=\"https:\/\/www.google.com\/maps\/contrib\/116811057845174552167\/reviews\" class=\"rplg-review-name rplg-trim\" target=\"_blank\" rel=\"noopener\" rel=\"nofollow\"  title=\"Cantera P.\">Cantera P.<\/a><div class=\"rplg-review-time rplg-trim\" data-time=\"1612786456\">12:14 08 Feb 21<\/div><div class=\"rplg-box-content\"><div class=\"rplg-stars\"><svg viewBox=\"0 0 1792 1792\" width=\"17\" height=\"17\"><use xlink:href=\"#star\" fill=\"#e7711b\"\/><\/svg><svg viewBox=\"0 0 1792 1792\" width=\"17\" height=\"17\"><use xlink:href=\"#star\" fill=\"#e7711b\"\/><\/svg><svg viewBox=\"0 0 1792 1792\" width=\"17\" height=\"17\"><use xlink:href=\"#star\" fill=\"#e7711b\"\/><\/svg><svg viewBox=\"0 0 1792 1792\" width=\"17\" height=\"17\"><use xlink:href=\"#star\" fill=\"#e7711b\"\/><\/svg><svg viewBox=\"0 0 1792 1792\" width=\"17\" height=\"17\"><use xlink:href=\"#star\" fill=\"#e7711b\"\/><\/svg><\/div><span class=\"rplg-review-text\">Almac\u00e9n bien dispuesto y organizado con surtido muy amplio en materiales de construcci\u00f3n. Atenci\u00f3n al publico innovadora y muy eficiente. Todo un referente en la comarca<\/span><\/div><\/div><\/div><\/div><div class=\"rplg-form-review \"><div class=\"rplg-row rplg-row-start\"><div class=\"rplg-row-left\"><img loading=\"lazy\" decoding=\"async\" src=\"https:\/\/www.eldeco.es\/trends\/wp-content\/plugins\/business-reviews-bundle\/assets\/img\/google_avatar.png\" data-src=\"https:\/\/lh3.googleusercontent.com\/a\/AATXAJxc3yhonKf_2L0HmTZrKSI50xPv6-0S9Twkdcq9=s56-c0x00000000-cc-rp-mo\" class=\"rplg-review-avatar rplg-blazy\" alt=\"Teresa C.\" width=\"50\" height=\"50\" title=\"Teresa C.\" onerror=\"if(this.src!='https:\/\/www.eldeco.es\/trends\/wp-content\/plugins\/business-reviews-bundle\/assets\/img\/google_avatar.png')this.src='https:\/\/www.eldeco.es\/trends\/wp-content\/plugins\/business-reviews-bundle\/assets\/img\/google_avatar.png';\" ><\/div><div class=\"rplg-row-right\"><a href=\"https:\/\/www.google.com\/maps\/contrib\/108857135593966546648\/reviews\" class=\"rplg-review-name rplg-trim\" target=\"_blank\" rel=\"noopener\" rel=\"nofollow\"  title=\"Teresa C.\">Teresa C.<\/a><div class=\"rplg-review-time rplg-trim\" data-time=\"1606913414\">12:50 02 Dec 20<\/div><div class=\"rplg-box-content\"><div class=\"rplg-stars\"><svg viewBox=\"0 0 1792 1792\" width=\"17\" height=\"17\"><use xlink:href=\"#star\" fill=\"#e7711b\"\/><\/svg><svg viewBox=\"0 0 1792 1792\" width=\"17\" height=\"17\"><use xlink:href=\"#star\" fill=\"#e7711b\"\/><\/svg><svg viewBox=\"0 0 1792 1792\" width=\"17\" height=\"17\"><use xlink:href=\"#star\" fill=\"#e7711b\"\/><\/svg><svg viewBox=\"0 0 1792 1792\" width=\"17\" height=\"17\"><use xlink:href=\"#star\" fill=\"#e7711b\"\/><\/svg><svg viewBox=\"0 0 1792 1792\" width=\"17\" height=\"17\"><use xlink:href=\"#star\" fill=\"#e7711b\"\/><\/svg><\/div><span class=\"rplg-review-text\">Personal muy eficiente y rapidez en su env\u00edo.<\/span><\/div><\/div><\/div><\/div><div class=\"rplg-form-review \"><div class=\"rplg-row rplg-row-start\"><div class=\"rplg-row-left\"><img loading=\"lazy\" decoding=\"async\" src=\"https:\/\/www.eldeco.es\/trends\/wp-content\/plugins\/business-reviews-bundle\/assets\/img\/google_avatar.png\" data-src=\"https:\/\/lh3.googleusercontent.com\/a-\/AOh14Ggxwt87FfdU1xxMLeeqgQ8ZJNjoNKhsPmAjQU4ANlU=s56-c0x00000000-cc-rp-mo-ba4\" class=\"rplg-review-avatar rplg-blazy\" alt=\"Jens Kolber L.\" width=\"50\" height=\"50\" title=\"Jens Kolber L.\" onerror=\"if(this.src!='https:\/\/www.eldeco.es\/trends\/wp-content\/plugins\/business-reviews-bundle\/assets\/img\/google_avatar.png')this.src='https:\/\/www.eldeco.es\/trends\/wp-content\/plugins\/business-reviews-bundle\/assets\/img\/google_avatar.png';\" ><\/div><div class=\"rplg-row-right\"><a href=\"https:\/\/www.google.com\/maps\/contrib\/102280110626952295060\/reviews\" class=\"rplg-review-name rplg-trim\" target=\"_blank\" rel=\"noopener\" rel=\"nofollow\"  title=\"Jens Kolber L.\">Jens Kolber L.<\/a><div class=\"rplg-review-time rplg-trim\" data-time=\"1606837996\">15:53 01 Dec 20<\/div><div class=\"rplg-box-content\"><div class=\"rplg-stars\"><svg viewBox=\"0 0 1792 1792\" width=\"17\" height=\"17\"><use xlink:href=\"#star\" fill=\"#e7711b\"\/><\/svg><svg viewBox=\"0 0 1792 1792\" width=\"17\" height=\"17\"><use xlink:href=\"#star\" fill=\"#e7711b\"\/><\/svg><svg viewBox=\"0 0 1792 1792\" width=\"17\" height=\"17\"><use xlink:href=\"#star\" fill=\"#e7711b\"\/><\/svg><svg viewBox=\"0 0 1792 1792\" width=\"17\" height=\"17\"><use xlink:href=\"#star\" fill=\"#e7711b\"\/><\/svg><svg viewBox=\"0 0 1792 1792\" width=\"17\" height=\"17\"><use xlink:href=\"#star\" fill=\"#e7711b\"\/><\/svg><\/div><span class=\"rplg-review-text\">Bien y r\u00e1pido para comprar lo que necesites<\/span><\/div><\/div><\/div><\/div><div class=\"rplg-form-review \"><div class=\"rplg-row rplg-row-start\"><div class=\"rplg-row-left\"><img loading=\"lazy\" decoding=\"async\" src=\"https:\/\/www.eldeco.es\/trends\/wp-content\/plugins\/business-reviews-bundle\/assets\/img\/google_avatar.png\" data-src=\"https:\/\/lh4.googleusercontent.com\/-90li9sm0Q3I\/AAAAAAAAAAI\/AAAAAAAAAAA\/AMZuucm2Dpv9Ye5AsAE4BqRks1008tlA9w\/s56-c0x00000000-cc-rp-mo-ba3\/photo.jpg\" class=\"rplg-review-avatar rplg-blazy\" alt=\"Douglas Valverde M.\" width=\"50\" height=\"50\" title=\"Douglas Valverde M.\" onerror=\"if(this.src!='https:\/\/www.eldeco.es\/trends\/wp-content\/plugins\/business-reviews-bundle\/assets\/img\/google_avatar.png')this.src='https:\/\/www.eldeco.es\/trends\/wp-content\/plugins\/business-reviews-bundle\/assets\/img\/google_avatar.png';\" ><\/div><div class=\"rplg-row-right\"><a href=\"https:\/\/www.google.com\/maps\/contrib\/109429129146300511743\/reviews\" class=\"rplg-review-name rplg-trim\" target=\"_blank\" rel=\"noopener\" rel=\"nofollow\"  title=\"Douglas Valverde M.\">Douglas Valverde M.<\/a><div class=\"rplg-review-time rplg-trim\" data-time=\"1601115670\">10:21 26 Sep 20<\/div><div class=\"rplg-box-content\"><div class=\"rplg-stars\"><svg viewBox=\"0 0 1792 1792\" width=\"17\" height=\"17\"><use xlink:href=\"#star\" fill=\"#e7711b\"\/><\/svg><svg viewBox=\"0 0 1792 1792\" width=\"17\" height=\"17\"><use xlink:href=\"#star\" fill=\"#e7711b\"\/><\/svg><svg viewBox=\"0 0 1792 1792\" width=\"17\" height=\"17\"><use xlink:href=\"#star\" fill=\"#e7711b\"\/><\/svg><svg viewBox=\"0 0 1792 1792\" width=\"17\" height=\"17\"><use xlink:href=\"#star\" fill=\"#e7711b\"\/><\/svg><svg viewBox=\"0 0 1792 1792\" width=\"17\" height=\"17\"><use xlink:href=\"#star-o\"\/><\/svg><\/div><span class=\"rplg-review-text\">Esta muy bien f\u00e1cil aparcamiento y buenos precios en material de construcci\u00f3n.<\/span><\/div><\/div><\/div><\/div><div class=\"rplg-form-review \"><div class=\"rplg-row rplg-row-start\"><div class=\"rplg-row-left\"><img loading=\"lazy\" decoding=\"async\" src=\"https:\/\/www.eldeco.es\/trends\/wp-content\/plugins\/business-reviews-bundle\/assets\/img\/google_avatar.png\" data-src=\"https:\/\/lh3.googleusercontent.com\/a-\/AOh14Gj2GB5WaWvYSuo5snd_-LHLTkJB_phhDC2p6Vhh=s56-c0x00000000-cc-rp-mo\" class=\"rplg-review-avatar rplg-blazy\" alt=\"Tomas Martinez S.\" width=\"50\" height=\"50\" title=\"Tomas Martinez S.\" onerror=\"if(this.src!='https:\/\/www.eldeco.es\/trends\/wp-content\/plugins\/business-reviews-bundle\/assets\/img\/google_avatar.png')this.src='https:\/\/www.eldeco.es\/trends\/wp-content\/plugins\/business-reviews-bundle\/assets\/img\/google_avatar.png';\" ><\/div><div class=\"rplg-row-right\"><a href=\"https:\/\/www.google.com\/maps\/contrib\/113654361296910095309\/reviews\" class=\"rplg-review-name rplg-trim\" target=\"_blank\" rel=\"noopener\" rel=\"nofollow\"  title=\"Tomas Martinez S.\">Tomas Martinez S.<\/a><div class=\"rplg-review-time rplg-trim\" data-time=\"1597768110\">16:28 18 Aug 20<\/div><div class=\"rplg-box-content\"><div class=\"rplg-stars\"><svg viewBox=\"0 0 1792 1792\" width=\"17\" height=\"17\"><use xlink:href=\"#star\" fill=\"#e7711b\"\/><\/svg><svg viewBox=\"0 0 1792 1792\" width=\"17\" height=\"17\"><use xlink:href=\"#star\" fill=\"#e7711b\"\/><\/svg><svg viewBox=\"0 0 1792 1792\" width=\"17\" height=\"17\"><use xlink:href=\"#star\" fill=\"#e7711b\"\/><\/svg><svg viewBox=\"0 0 1792 1792\" width=\"17\" height=\"17\"><use xlink:href=\"#star\" fill=\"#e7711b\"\/><\/svg><svg viewBox=\"0 0 1792 1792\" width=\"17\" height=\"17\"><use xlink:href=\"#star\" fill=\"#e7711b\"\/><\/svg><\/div><span class=\"rplg-review-text\">El mejor centro para materiales de construcci\u00f3n de toda la Marina Baixa<\/span><\/div><\/div><\/div><\/div><div class=\"rplg-form-review \"><div class=\"rplg-row rplg-row-start\"><div class=\"rplg-row-left\"><img loading=\"lazy\" decoding=\"async\" src=\"https:\/\/www.eldeco.es\/trends\/wp-content\/plugins\/business-reviews-bundle\/assets\/img\/google_avatar.png\" data-src=\"https:\/\/lh3.googleusercontent.com\/a-\/AOh14GhQy9x_-kMJ6fyeUmGmYbGHxmf575j7FHHDqDAG=s56-c0x00000000-cc-rp-mo\" class=\"rplg-review-avatar rplg-blazy\" alt=\"Juan B.\" width=\"50\" height=\"50\" title=\"Juan B.\" onerror=\"if(this.src!='https:\/\/www.eldeco.es\/trends\/wp-content\/plugins\/business-reviews-bundle\/assets\/img\/google_avatar.png')this.src='https:\/\/www.eldeco.es\/trends\/wp-content\/plugins\/business-reviews-bundle\/assets\/img\/google_avatar.png';\" ><\/div><div class=\"rplg-row-right\"><a href=\"https:\/\/www.google.com\/maps\/contrib\/106436638244878679672\/reviews\" class=\"rplg-review-name rplg-trim\" target=\"_blank\" rel=\"noopener\" rel=\"nofollow\"  title=\"Juan B.\">Juan B.<\/a><div class=\"rplg-review-time rplg-trim\" data-time=\"1590833982\">10:19 30 May 20<\/div><div class=\"rplg-box-content\"><div class=\"rplg-stars\"><svg viewBox=\"0 0 1792 1792\" width=\"17\" height=\"17\"><use xlink:href=\"#star\" fill=\"#e7711b\"\/><\/svg><svg viewBox=\"0 0 1792 1792\" width=\"17\" height=\"17\"><use xlink:href=\"#star\" fill=\"#e7711b\"\/><\/svg><svg viewBox=\"0 0 1792 1792\" width=\"17\" height=\"17\"><use xlink:href=\"#star\" fill=\"#e7711b\"\/><\/svg><svg viewBox=\"0 0 1792 1792\" width=\"17\" height=\"17\"><use xlink:href=\"#star\" fill=\"#e7711b\"\/><\/svg><svg viewBox=\"0 0 1792 1792\" width=\"17\" height=\"17\"><use xlink:href=\"#star\" fill=\"#e7711b\"\/><\/svg><\/div><span class=\"rplg-review-text\">Muy buen almac\u00e9n<\/span><\/div><\/div><\/div><\/div><div class=\"rplg-form-review \"><div class=\"rplg-row rplg-row-start\"><div class=\"rplg-row-left\"><img loading=\"lazy\" decoding=\"async\" src=\"https:\/\/www.eldeco.es\/trends\/wp-content\/plugins\/business-reviews-bundle\/assets\/img\/google_avatar.png\" data-src=\"https:\/\/lh3.googleusercontent.com\/a-\/AOh14GgbtxXTfvqUSXYREQ-wZ299ekGQTK-hRExKjUR9Y10=s56-c0x00000000-cc-rp-mo-ba5\" class=\"rplg-review-avatar rplg-blazy\" alt=\"Isidro L.\" width=\"50\" height=\"50\" title=\"Isidro L.\" onerror=\"if(this.src!='https:\/\/www.eldeco.es\/trends\/wp-content\/plugins\/business-reviews-bundle\/assets\/img\/google_avatar.png')this.src='https:\/\/www.eldeco.es\/trends\/wp-content\/plugins\/business-reviews-bundle\/assets\/img\/google_avatar.png';\" ><\/div><div class=\"rplg-row-right\"><a href=\"https:\/\/www.google.com\/maps\/contrib\/102246121781889911093\/reviews\" class=\"rplg-review-name rplg-trim\" target=\"_blank\" rel=\"noopener\" rel=\"nofollow\"  title=\"Isidro L.\">Isidro L.<\/a><div class=\"rplg-review-time rplg-trim\" data-time=\"1588247762\">11:56 30 Apr 20<\/div><div class=\"rplg-box-content\"><div class=\"rplg-stars\"><svg viewBox=\"0 0 1792 1792\" width=\"17\" height=\"17\"><use xlink:href=\"#star\" fill=\"#e7711b\"\/><\/svg><svg viewBox=\"0 0 1792 1792\" width=\"17\" height=\"17\"><use xlink:href=\"#star\" fill=\"#e7711b\"\/><\/svg><svg viewBox=\"0 0 1792 1792\" width=\"17\" height=\"17\"><use xlink:href=\"#star\" fill=\"#e7711b\"\/><\/svg><svg viewBox=\"0 0 1792 1792\" width=\"17\" height=\"17\"><use xlink:href=\"#star\" fill=\"#e7711b\"\/><\/svg><svg viewBox=\"0 0 1792 1792\" width=\"17\" height=\"17\"><use xlink:href=\"#star\" fill=\"#e7711b\"\/><\/svg><\/div><span class=\"rplg-review-text\">Buena atenci\u00f3n, buenos productos y  precios<\/span><\/div><\/div><\/div><\/div><div class=\"rplg-form-review \"><div class=\"rplg-row rplg-row-start\"><div class=\"rplg-row-left\"><img loading=\"lazy\" decoding=\"async\" src=\"https:\/\/www.eldeco.es\/trends\/wp-content\/plugins\/business-reviews-bundle\/assets\/img\/google_avatar.png\" data-src=\"https:\/\/lh3.googleusercontent.com\/a\/ACg8ocJsBDKXdf5rfApiR6OCBGLW6-rmk9Eex_31BLMeMeukrLy8V0I=s56-c0x00000000-cc-rp-mo-ba3\" class=\"rplg-review-avatar rplg-blazy\" alt=\"IZAKUN G.\" width=\"50\" height=\"50\" title=\"IZAKUN G.\" onerror=\"if(this.src!='https:\/\/www.eldeco.es\/trends\/wp-content\/plugins\/business-reviews-bundle\/assets\/img\/google_avatar.png')this.src='https:\/\/www.eldeco.es\/trends\/wp-content\/plugins\/business-reviews-bundle\/assets\/img\/google_avatar.png';\" ><\/div><div class=\"rplg-row-right\"><a href=\"https:\/\/www.google.com\/maps\/contrib\/102925291344411771794\/reviews\" class=\"rplg-review-name rplg-trim\" target=\"_blank\" rel=\"noopener\" rel=\"nofollow\"  title=\"IZAKUN G.\">IZAKUN G.<\/a><div class=\"rplg-review-time rplg-trim\" data-time=\"1583759067\">13:04 09 Mar 20<\/div><div class=\"rplg-box-content\"><div class=\"rplg-stars\"><svg viewBox=\"0 0 1792 1792\" width=\"17\" height=\"17\"><use xlink:href=\"#star\" fill=\"#e7711b\"\/><\/svg><svg viewBox=\"0 0 1792 1792\" width=\"17\" height=\"17\"><use xlink:href=\"#star\" fill=\"#e7711b\"\/><\/svg><svg viewBox=\"0 0 1792 1792\" width=\"17\" height=\"17\"><use xlink:href=\"#star\" fill=\"#e7711b\"\/><\/svg><svg viewBox=\"0 0 1792 1792\" width=\"17\" height=\"17\"><use xlink:href=\"#star\" fill=\"#e7711b\"\/><\/svg><svg viewBox=\"0 0 1792 1792\" width=\"17\" height=\"17\"><use xlink:href=\"#star\" fill=\"#e7711b\"\/><\/svg><\/div><span class=\"rplg-review-text\">Muy buena atenci\u00f3n y tienen para todos los gustos y bolsillos.<\/span><\/div><\/div><\/div><\/div><div class=\"rplg-links\"><a href=\"https:\/\/maps.google.com\/?cid=1680533406120588481\" target=\"_blank\" rel=\"noopener\" onclick=\"return true;\">Ver todos los comentarios<\/a><a href=\"javascript:void(0)\" onclick=\"_rplg_popup('https:\/\/search.google.com\/local\/writereview?placeid=ChIJzZIuWxcDYg0RwbT-oDp0Uhc', 800, 600)\">Escribir un comentario<\/a><\/div><\/div><\/div><div class=\"rplg-form-footer\"><img loading=\"lazy\" decoding=\"async\" src=\"https:\/\/www.eldeco.es\/trends\/wp-content\/plugins\/business-reviews-bundle\/assets\/img\/powered_by_google_on_white.png\" alt=\"powered by Google\" width=\"144\" height=\"18\" title=\"powered by Google\"><\/div><\/div><\/div><\/div><img decoding=\"async\" src=\"data:image\/gif;base64,R0lGODlhAQABAIAAAAAAAP\/\/\/yH5BAEAAAAALAAAAAABAAEAAAIBRAA7\" alt=\"\" onload=\"(function(el, data) { var t = setInterval(function () { if (window.rplg_init_badge_theme){ rplg_init_badge_theme(el, data); clearInterval(t); } }, 200); })(this.parentNode);\" style=\"display:none\"><\/div>        <\/p>[\/et_pb_text][et_pb_button button_url=\u00bbhttps:\/\/g.page\/eldeco-almacen?share\u00bb url_new_window=\u00bbon\u00bb button_text=\u00bbC\u00f3mo llegar\u00bb button_alignment=\u00bbcenter\u00bb _builder_version=\u00bb4.16&#8243; custom_button=\u00bbon\u00bb button_text_color=\u00bb#000000&#8243; button_bg_color=\u00bb#ffb700&#8243; button_border_width=\u00bb0px\u00bb button_border_radius=\u00bb45px\u00bb button_font=\u00bb||||||||\u00bb button_icon=\u00bb&#xe01c;||divi||400&#8243; button_icon_placement=\u00bbleft\u00bb button_bg_color_hover=\u00bb#ffffff\u00bb global_colors_info=\u00bb{}\u00bb button_text_size__hover_enabled=\u00bboff\u00bb button_one_text_size__hover_enabled=\u00bboff\u00bb button_two_text_size__hover_enabled=\u00bboff\u00bb button_text_color__hover_enabled=\u00bboff\u00bb button_one_text_color__hover_enabled=\u00bboff\u00bb button_two_text_color__hover_enabled=\u00bboff\u00bb button_border_width__hover_enabled=\u00bboff\u00bb button_one_border_width__hover_enabled=\u00bboff\u00bb button_two_border_width__hover_enabled=\u00bboff\u00bb button_border_color__hover_enabled=\u00bboff\u00bb button_one_border_color__hover_enabled=\u00bboff\u00bb button_two_border_color__hover_enabled=\u00bboff\u00bb button_border_radius__hover_enabled=\u00bboff\u00bb button_one_border_radius__hover_enabled=\u00bboff\u00bb button_two_border_radius__hover_enabled=\u00bboff\u00bb button_letter_spacing__hover_enabled=\u00bboff\u00bb button_one_letter_spacing__hover_enabled=\u00bboff\u00bb button_two_letter_spacing__hover_enabled=\u00bboff\u00bb button_bg_color__hover_enabled=\u00bbon\u00bb button_bg_color__hover=\u00bb#ffffff\u00bb button_one_bg_color__hover_enabled=\u00bboff\u00bb button_two_bg_color__hover_enabled=\u00bboff\u00bb][\/et_pb_button][\/et_pb_column][\/et_pb_row][\/et_pb_section][et_pb_section fb_built=\u00bb1&#8243; fullwidth=\u00bbon\u00bb module_id=\u00bbmap\u00bb module_class=\u00bbmap\u00bb _builder_version=\u00bb4.6.5&#8243; custom_padding=\u00bb0|0px|0px|0px|false|false\u00bb global_module=\u00bb904&#8243; global_colors_info=\u00bb{}\u00bb][et_pb_fullwidth_map address=\u00bbCamino de la Cantera Partida Serreta Muxara, 03530 La Nucia, Alicante, Espa\u00f1a\u00bb zoom_level=\u00bb15&#8243; address_lat=\u00bb38.6002528&#8243; address_lng=\u00bb-0.1262622&#8243; mouse_wheel=\u00bboff\u00bb _builder_version=\u00bb4.16&#8243; child_filter_saturate=\u00bb0%\u00bb child_filter_brightness=\u00bb88%\u00bb child_filter_contrast=\u00bb127%\u00bb global_colors_info=\u00bb{}\u00bb][et_pb_map_pin title=\u00bbEldeco &#8211; Almac\u00e9n de materiales de construcci\u00f3n\u00bb pin_address=\u00bbCamino de la Cantera Partida Serreta Muxara, 03530 La Nucia, Alicante, Espa\u00f1a\u00bb zoom_level=\u00bb15&#8243; pin_address_lat=\u00bb38.6002528&#8243; pin_address_lng=\u00bb-0.1262622&#8243; _builder_version=\u00bb4.6.5&#8243; global_colors_info=\u00bb{}\u00bb]Partida Cap-Blanch, 38A, 03590 Altea, Alacant<\/p>\n<p>HORARIO:<br \/>\nLunes a Viernes 9.00 -14.00 \u2013 16.00-20.00<br \/>\nS\u00e1bados: 9.00-13.00[\/et_pb_map_pin][\/et_pb_fullwidth_map][\/et_pb_section][et_pb_section fb_built=\u00bb1&#8243; _builder_version=\u00bb4.6.5&#8243; background_color=\u00bb#000000&#8243; custom_padding=\u00bb17px|0px|17px|0px|true|false\u00bb global_module=\u00bb824&#8243; global_colors_info=\u00bb{}\u00bb][et_pb_row column_structure=\u00bb3_5,2_5&#8243; _builder_version=\u00bb4.16&#8243; global_colors_info=\u00bb{}\u00bb][et_pb_column type=\u00bb3_5&#8243; _builder_version=\u00bb4.16&#8243; custom_padding=\u00bb|||\u00bb global_colors_info=\u00bb{}\u00bb custom_padding__hover=\u00bb|||\u00bb][et_pb_text _builder_version=\u00bb4.16&#8243; global_colors_info=\u00bb{}\u00bb]\u00a9 2015 Eldeco-Florencio Caballero, S.L. &#8211; <a class=\"telfooter\" href=\"tel:\/\/649456149\">649 45 61 49<\/a> &#8211; <a class=\"mailfooter\" href=\"mailto:info@eldeco.es\">info@eldeco.es<\/a> &#8211; <a href=\"https:\/\/www.eldeco.es\/politica-de-privacidad\/\" target=\"_blank\" rel=\"nofollow noopener noreferrer\">Pol\u00edtica de Privacidad<\/a>[\/et_pb_text][\/et_pb_column][et_pb_column type=\u00bb2_5&#8243; _builder_version=\u00bb4.16&#8243; custom_padding=\u00bb|||\u00bb global_colors_info=\u00bb{}\u00bb custom_padding__hover=\u00bb|||\u00bb][et_pb_social_media_follow _builder_version=\u00bb4.16&#8243; text_orientation=\u00bbright\u00bb global_colors_info=\u00bb{}\u00bb][et_pb_social_media_follow_network social_network=\u00bbfacebook\u00bb url=\u00bbhttps:\/\/www.facebook.com\/Eldeco.es\u00bb _builder_version=\u00bb4.16&#8243; background_color=\u00bb#3b5998&#8243; global_colors_info=\u00bb{}\u00bb follow_button=\u00bboff\u00bb url_new_window=\u00bbon\u00bb]facebook[\/et_pb_social_media_follow_network][et_pb_social_media_follow_network social_network=\u00bbinstagram\u00bb url=\u00bbhttps:\/\/www.instagram.com\/eldeco.es\/\u00bb _builder_version=\u00bb4.16&#8243; background_color=\u00bb#ea2c59&#8243; global_colors_info=\u00bb{}\u00bb follow_button=\u00bboff\u00bb url_new_window=\u00bbon\u00bb]instagram[\/et_pb_social_media_follow_network][et_pb_social_media_follow_network social_network=\u00bblinkedin\u00bb url=\u00bbhttps:\/\/www.linkedin.com\/company\/eldeco?trk=company_logo\u00bb _builder_version=\u00bb4.16&#8243; background_color=\u00bb#007bb6&#8243; global_colors_info=\u00bb{}\u00bb follow_button=\u00bboff\u00bb url_new_window=\u00bbon\u00bb]linkedin[\/et_pb_social_media_follow_network][et_pb_social_media_follow_network social_network=\u00bbyoutube\u00bb url=\u00bbhttps:\/\/www.youtube.com\/user\/CanalEldeco\u00bb _builder_version=\u00bb4.16&#8243; background_color=\u00bb#a82400&#8243; global_colors_info=\u00bb{}\u00bb follow_button=\u00bboff\u00bb url_new_window=\u00bbon\u00bb]youtube[\/et_pb_social_media_follow_network][\/et_pb_social_media_follow][\/et_pb_column][\/et_pb_row][\/et_pb_section]\n","protected":false},"excerpt":{"rendered":"<p>\u00bfNo sabes c\u00f3mo tener agua potable o limpia en una zona rural, una casa aislada o una finca sin conexi\u00f3n a la red? Rikutec ofrece soluciones para tener agua limpia en dep\u00f3sitos de agua para que no dependas de nadie.Rikutec lleva d\u00e9cadas ofreciendo dep\u00f3sitos de agua y filtros para quienes viven en zonas sin acceso [&hellip;]<\/p>\n","protected":false},"author":2,"featured_media":2257,"parent":0,"menu_order":0,"comment_status":"closed","ping_status":"closed","template":"page-template-blank.php","meta":{"_et_pb_use_builder":"on","_et_pb_old_content":"","_et_gb_content_width":"","_uag_custom_page_level_css":"","footnotes":""},"class_list":["post-2255","page","type-page","status-publish","has-post-thumbnail","hentry"],"uagb_featured_image_src":{"full":["https:\/\/www.eldeco.es\/trends\/wp-content\/uploads\/2025\/05\/productos-fosas-septicas-rikutec.jpg",2896,2048,false],"thumbnail":["https:\/\/www.eldeco.es\/trends\/wp-content\/uploads\/2025\/05\/productos-fosas-septicas-rikutec.jpg",150,106,false],"medium":["https:\/\/www.eldeco.es\/trends\/wp-content\/uploads\/2025\/05\/productos-fosas-septicas-rikutec.jpg",300,212,false],"medium_large":["https:\/\/www.eldeco.es\/trends\/wp-content\/uploads\/2025\/05\/productos-fosas-septicas-rikutec.jpg",768,543,false],"large":["https:\/\/www.eldeco.es\/trends\/wp-content\/uploads\/2025\/05\/productos-fosas-septicas-rikutec.jpg",1024,724,false],"1536x1536":["https:\/\/www.eldeco.es\/trends\/wp-content\/uploads\/2025\/05\/productos-fosas-septicas-rikutec.jpg",1536,1086,false],"2048x2048":["https:\/\/www.eldeco.es\/trends\/wp-content\/uploads\/2025\/05\/productos-fosas-septicas-rikutec.jpg",2048,1448,false],"et-pb-post-main-image":["https:\/\/www.eldeco.es\/trends\/wp-content\/uploads\/2025\/05\/productos-fosas-septicas-rikutec.jpg",354,250,false],"et-pb-post-main-image-fullwidth":["https:\/\/www.eldeco.es\/trends\/wp-content\/uploads\/2025\/05\/productos-fosas-septicas-rikutec.jpg",954,675,false],"et-pb-portfolio-image":["https:\/\/www.eldeco.es\/trends\/wp-content\/uploads\/2025\/05\/productos-fosas-septicas-rikutec.jpg",400,284,false],"et-pb-portfolio-module-image":["https:\/\/www.eldeco.es\/trends\/wp-content\/uploads\/2025\/05\/productos-fosas-septicas-rikutec.jpg",510,361,false],"et-pb-portfolio-image-single":["https:\/\/www.eldeco.es\/trends\/wp-content\/uploads\/2025\/05\/productos-fosas-septicas-rikutec.jpg",1080,764,false],"et-pb-gallery-module-image-portrait":["https:\/\/www.eldeco.es\/trends\/wp-content\/uploads\/2025\/05\/productos-fosas-septicas-rikutec.jpg",400,283,false],"et-pb-post-main-image-fullwidth-large":["https:\/\/www.eldeco.es\/trends\/wp-content\/uploads\/2025\/05\/productos-fosas-septicas-rikutec.jpg",2545,1800,false],"et-pb-image--responsive--desktop":["https:\/\/www.eldeco.es\/trends\/wp-content\/uploads\/2025\/05\/productos-fosas-septicas-rikutec.jpg",1018,720,false],"et-pb-image--responsive--tablet":["https:\/\/www.eldeco.es\/trends\/wp-content\/uploads\/2025\/05\/productos-fosas-septicas-rikutec.jpg",779,551,false],"et-pb-image--responsive--phone":["https:\/\/www.eldeco.es\/trends\/wp-content\/uploads\/2025\/05\/productos-fosas-septicas-rikutec.jpg",382,270,false]},"uagb_author_info":{"display_name":"eldeco","author_link":"https:\/\/www.eldeco.es\/trends\/author\/eldeco\/"},"uagb_comment_info":0,"uagb_excerpt":"\u00bfNo sabes c\u00f3mo tener agua potable o limpia en una zona rural, una casa aislada o una finca sin conexi\u00f3n a la red? Rikutec ofrece soluciones para tener agua limpia en dep\u00f3sitos de agua para que no dependas de nadie.Rikutec lleva d\u00e9cadas ofreciendo dep\u00f3sitos de agua y filtros para quienes viven en zonas sin acceso&hellip;","_links":{"self":[{"href":"https:\/\/www.eldeco.es\/trends\/wp-json\/wp\/v2\/pages\/2255"}],"collection":[{"href":"https:\/\/www.eldeco.es\/trends\/wp-json\/wp\/v2\/pages"}],"about":[{"href":"https:\/\/www.eldeco.es\/trends\/wp-json\/wp\/v2\/types\/page"}],"author":[{"embeddable":true,"href":"https:\/\/www.eldeco.es\/trends\/wp-json\/wp\/v2\/users\/2"}],"replies":[{"embeddable":true,"href":"https:\/\/www.eldeco.es\/trends\/wp-json\/wp\/v2\/comments?post=2255"}],"version-history":[{"count":13,"href":"https:\/\/www.eldeco.es\/trends\/wp-json\/wp\/v2\/pages\/2255\/revisions"}],"predecessor-version":[{"id":2286,"href":"https:\/\/www.eldeco.es\/trends\/wp-json\/wp\/v2\/pages\/2255\/revisions\/2286"}],"wp:featuredmedia":[{"embeddable":true,"href":"https:\/\/www.eldeco.es\/trends\/wp-json\/wp\/v2\/media\/2257"}],"wp:attachment":[{"href":"https:\/\/www.eldeco.es\/trends\/wp-json\/wp\/v2\/media?parent=2255"}],"curies":[{"name":"wp","href":"https:\/\/api.w.org\/{rel}","templated":true}]}}