{"id":2095,"date":"2024-02-10T12:50:44","date_gmt":"2024-02-10T10:50:44","guid":{"rendered":"https:\/\/www.eldeco.es\/trends\/?page_id=2095"},"modified":"2024-02-10T13:20:27","modified_gmt":"2024-02-10T11:20:27","slug":"alquiler-de-herramientas-y-maquinaria-en-benidorm","status":"publish","type":"page","link":"https:\/\/www.eldeco.es\/trends\/alquiler-de-herramientas-y-maquinaria-en-benidorm\/","title":{"rendered":"Alquiler de herramientas y maquinaria en Benidorm"},"content":{"rendered":"<p>[et_pb_section fb_built=\u00bb1&#8243; admin_label=\u00bbSecci\u00f3n\u00bb _builder_version=\u00bb4.6.5&#8243; _module_preset=\u00bbdefault\u00bb custom_padding=\u00bb0px||0px||false|false\u00bb hover_enabled=\u00bb0&#8243; sticky_enabled=\u00bb0&#8243; custom_margin=\u00bb0px||||false|false\u00bb][et_pb_row admin_label=\u00bbFila\u00bb _builder_version=\u00bb4.6.5&#8243; _module_preset=\u00bbdefault\u00bb][et_pb_column type=\u00bb4_4&#8243; _builder_version=\u00bb4.6.5&#8243; _module_preset=\u00bbdefault\u00bb][et_pb_text _builder_version=\u00bb4.6.5&#8243; _module_preset=\u00bbdefault\u00bb custom_padding=\u00bb||0px||false|false\u00bb]<\/p>\n<p style=\"text-align: center;\">Ahora en <a href=\"https:\/\/www.eldeco.es\/trends\/nueva-ferreteria-benidorm\/\">Eldeco<\/a> puedes alquilar una impresionante cantidad de todo tipo de herramientas y maquinaria.<br \/> De manera sencilla y r\u00e1pida, accede al m\u00e1s amplio <a href=\"https:\/\/drive.google.com\/file\/d\/1bByjjrrECdXBgnBxzcjtaUHeW2T6p6mK\/view?usp=sharing\">cat\u00e1logo<\/a> con producto m\u00e1s fiable de las primeras marcas.<br \/> Un nuevo punto en <a href=\"https:\/\/maps.app.goo.gl\/X1QgxfqGchC7rq6A8\">Benidorm<\/a> para alquilar herramienta y maquinara que necesites, tanto si eres profesional como si eres particular.<\/p>\n<p>[\/et_pb_text][\/et_pb_column][\/et_pb_row][\/et_pb_section][et_pb_section fb_built=\u00bb1&#8243; _builder_version=\u00bb4.6.5&#8243; _module_preset=\u00bbdefault\u00bb background_color=\u00bb#ef7d00ff\u00bb custom_margin=\u00bb0px||0px||false|false\u00bb custom_padding=\u00bb0px||0px||false|false\u00bb][et_pb_row _builder_version=\u00bb4.6.5&#8243; _module_preset=\u00bbdefault\u00bb][et_pb_column type=\u00bb4_4&#8243; _builder_version=\u00bb4.6.5&#8243; _module_preset=\u00bbdefault\u00bb][et_pb_image src=\u00bbhttps:\/\/www.eldeco.es\/trends\/wp-content\/uploads\/2024\/02\/como-funciona-el-alquiler-en-Eldeco-Benidorm.png\u00bb alt=\u00bbcomo-funciona-el-alquiler-en-Eldeco-Benidorm\u00bb title_text=\u00bbcomo-funciona-el-alquiler-en-Eldeco-Benidorm\u00bb align=\u00bbcenter\u00bb _builder_version=\u00bb4.6.5&#8243; _module_preset=\u00bbdefault\u00bb][\/et_pb_image][\/et_pb_column][\/et_pb_row][\/et_pb_section][et_pb_section fb_built=\u00bb1&#8243; inner_shadow=\u00bbon\u00bb _builder_version=\u00bb4.6.5&#8243; _module_preset=\u00bbdefault\u00bb background_color=\u00bb#ef7d00ff\u00bb custom_padding=\u00bb0px||0px||false|false\u00bb bottom_divider_height=\u00bb26px\u00bb][et_pb_row column_structure=\u00bb1_2,1_2&#8243; _builder_version=\u00bb4.6.5&#8243; _module_preset=\u00bbdefault\u00bb][et_pb_column type=\u00bb1_2&#8243; _builder_version=\u00bb4.6.5&#8243; _module_preset=\u00bbdefault\u00bb][et_pb_image src=\u00bbhttps:\/\/www.eldeco.es\/trends\/wp-content\/uploads\/2024\/02\/martillo.png\u00bb title_text=\u00bbmartillo\u00bb align=\u00bbcenter\u00bb _builder_version=\u00bb4.6.5&#8243; _module_preset=\u00bbdefault\u00bb][\/et_pb_image][\/et_pb_column][et_pb_column type=\u00bb1_2&#8243; _builder_version=\u00bb4.6.5&#8243; _module_preset=\u00bbdefault\u00bb][et_pb_text _builder_version=\u00bb4.6.5&#8243; _module_preset=\u00bbdefault\u00bb]<\/p>\n<h2><strong>ELIGES TU M\u00c1QUINA<\/strong><\/h2>\n<p><strong>M\u00e1s de 300 familias a tu disposici\u00f3n.<\/strong><\/p>\n<div class=\"wp-block-uagb-container uagb-block-79933e61 alignfull uagb-is-root-container\">\n<div class=\"uagb-container-inner-blocks-wrap\">\n<div class=\"wp-block-uagb-container uagb-block-2642c518\">\n<div class=\"wp-block-uagb-image aligncenter uagb-block-ac229c30 wp-block-uagb-image--layout-default wp-block-uagb-image--effect-static wp-block-uagb-image--align-center\"><\/div>\n<\/div>\n<\/div>\n<\/div>\n<p>[\/et_pb_text][\/et_pb_column][\/et_pb_row][\/et_pb_section][et_pb_section fb_built=\u00bb1&#8243; _builder_version=\u00bb4.6.5&#8243; _module_preset=\u00bbdefault\u00bb background_color=\u00bb#ef7d00ff\u00bb custom_padding=\u00bb0px||0px||false|false\u00bb box_shadow_style=\u00bbpreset1&#8243;][et_pb_row column_structure=\u00bb1_2,1_2&#8243; _builder_version=\u00bb4.6.5&#8243; _module_preset=\u00bbdefault\u00bb][et_pb_column type=\u00bb1_2&#8243; _builder_version=\u00bb4.6.5&#8243; _module_preset=\u00bbdefault\u00bb][et_pb_image src=\u00bbhttps:\/\/www.eldeco.es\/trends\/wp-content\/uploads\/2024\/02\/la-recibes-en-24-horas.png\u00bb title_text=\u00bbla recibes en 24 horas\u00bb align=\u00bbcenter\u00bb _builder_version=\u00bb4.6.5&#8243; _module_preset=\u00bbdefault\u00bb][\/et_pb_image][\/et_pb_column][et_pb_column type=\u00bb1_2&#8243; _builder_version=\u00bb4.6.5&#8243; _module_preset=\u00bbdefault\u00bb][et_pb_text _builder_version=\u00bb4.6.5&#8243; _module_preset=\u00bbdefault\u00bb]<\/p>\n<h2><strong>la recibes en 24 horas<\/strong><\/h2>\n<p><strong>Una vez configurada la m\u00e1quina.<\/strong><\/p>\n<div class=\"wp-block-uagb-container uagb-block-79933e61 alignfull uagb-is-root-container\">\n<div class=\"uagb-container-inner-blocks-wrap\">\n<div class=\"wp-block-uagb-container uagb-block-2642c518\">\n<div class=\"wp-block-uagb-image aligncenter uagb-block-ac229c30 wp-block-uagb-image--layout-default wp-block-uagb-image--effect-static wp-block-uagb-image--align-center\"><\/div>\n<\/div>\n<\/div>\n<\/div>\n<p>[\/et_pb_text][\/et_pb_column][\/et_pb_row][\/et_pb_section][et_pb_section fb_built=\u00bb1&#8243; _builder_version=\u00bb4.6.5&#8243; _module_preset=\u00bbdefault\u00bb background_color=\u00bb#ef7d00ff\u00bb custom_padding=\u00bb0px||0px||false|false\u00bb box_shadow_style=\u00bbpreset1&#8243;][et_pb_row column_structure=\u00bb1_2,1_2&#8243; _builder_version=\u00bb4.6.5&#8243; _module_preset=\u00bbdefault\u00bb][et_pb_column type=\u00bb1_2&#8243; _builder_version=\u00bb4.6.5&#8243; _module_preset=\u00bbdefault\u00bb][et_pb_image src=\u00bbhttps:\/\/www.eldeco.es\/trends\/wp-content\/uploads\/2024\/02\/disfrutas-de-tu-alquiler.png\u00bb title_text=\u00bbdisfrutas de tu alquiler\u00bb align=\u00bbcenter\u00bb _builder_version=\u00bb4.6.5&#8243; _module_preset=\u00bbdefault\u00bb][\/et_pb_image][\/et_pb_column][et_pb_column type=\u00bb1_2&#8243; _builder_version=\u00bb4.6.5&#8243; _module_preset=\u00bbdefault\u00bb][et_pb_text _builder_version=\u00bb4.6.5&#8243; _module_preset=\u00bbdefault\u00bb]<\/p>\n<h2><strong>DISFRUTAS DE TU ALQUILER<\/strong><\/h2>\n<p><strong>Te ayudamos con tus trabajos de obra y reforma.<\/strong><\/p>\n<div class=\"wp-block-uagb-container uagb-block-79933e61 alignfull uagb-is-root-container\">\n<div class=\"uagb-container-inner-blocks-wrap\"><\/div>\n<\/div>\n<h2><strong><\/p>\n<p><\/strong><\/h2>\n<p>[\/et_pb_text][\/et_pb_column][\/et_pb_row][\/et_pb_section][et_pb_section fb_built=\u00bb1&#8243; _builder_version=\u00bb4.6.5&#8243; _module_preset=\u00bbdefault\u00bb background_color=\u00bb#ef7d00ff\u00bb custom_padding=\u00bb0px||0px||false|false\u00bb box_shadow_style=\u00bbpreset1&#8243;][et_pb_row column_structure=\u00bb1_2,1_2&#8243; _builder_version=\u00bb4.6.5&#8243; _module_preset=\u00bbdefault\u00bb][et_pb_column type=\u00bb1_2&#8243; _builder_version=\u00bb4.6.5&#8243; _module_preset=\u00bbdefault\u00bb][et_pb_image src=\u00bbhttps:\/\/www.eldeco.es\/trends\/wp-content\/uploads\/2024\/02\/devuelves-la-maquina.png\u00bb title_text=\u00bbdevuelves la maquina\u00bb align=\u00bbcenter\u00bb _builder_version=\u00bb4.6.5&#8243; _module_preset=\u00bbdefault\u00bb][\/et_pb_image][\/et_pb_column][et_pb_column type=\u00bb1_2&#8243; _builder_version=\u00bb4.6.5&#8243; _module_preset=\u00bbdefault\u00bb][et_pb_text _builder_version=\u00bb4.6.5&#8243; _module_preset=\u00bbdefault\u00bb]<\/p>\n<h2><strong>devuelves la M\u00c1QUINA<\/strong><\/h2>\n<p><strong>Y abonas el alquiler al devolverla. Solo tendr\u00e1s que abonar previamente la fianza.\u00a0<\/strong><\/p>\n<div class=\"wp-block-uagb-container uagb-block-79933e61 alignfull uagb-is-root-container\">\n<div class=\"uagb-container-inner-blocks-wrap\">\n<div class=\"wp-block-uagb-container uagb-block-2642c518\">\n<div class=\"wp-block-uagb-image aligncenter uagb-block-ac229c30 wp-block-uagb-image--layout-default wp-block-uagb-image--effect-static wp-block-uagb-image--align-center\"><\/div>\n<\/div>\n<\/div>\n<\/div>\n<p>[\/et_pb_text][\/et_pb_column][\/et_pb_row][\/et_pb_section][et_pb_section fb_built=\u00bb1&#8243; _builder_version=\u00bb4.6.5&#8243; _module_preset=\u00bbdefault\u00bb background_color=\u00bb#ef7d00ff\u00bb custom_padding=\u00bb0px||0px||false|false\u00bb box_shadow_style=\u00bbpreset1&#8243;][et_pb_row column_structure=\u00bb1_2,1_2&#8243; _builder_version=\u00bb4.6.5&#8243; _module_preset=\u00bbdefault\u00bb][et_pb_column type=\u00bb1_2&#8243; _builder_version=\u00bb4.6.5&#8243; _module_preset=\u00bbdefault\u00bb][et_pb_image src=\u00bbhttps:\/\/www.eldeco.es\/trends\/wp-content\/uploads\/2024\/02\/gestion-del-alquiler-online.png\u00bb title_text=\u00bbgestion del alquiler online\u00bb align=\u00bbcenter\u00bb _builder_version=\u00bb4.6.5&#8243; _module_preset=\u00bbdefault\u00bb][\/et_pb_image][\/et_pb_column][et_pb_column type=\u00bb1_2&#8243; _builder_version=\u00bb4.6.5&#8243; _module_preset=\u00bbdefault\u00bb][et_pb_text _builder_version=\u00bb4.6.5&#8243; _module_preset=\u00bbdefault\u00bb]<\/p>\n<h2><strong>Y TODO LO GESTIONAS ONLINE<\/strong><\/h2>\n<p><strong>C\u00f3modamente desde tu m\u00f3vil o PC.<\/strong><\/p>\n<div class=\"wp-block-uagb-container uagb-block-79933e61 alignfull uagb-is-root-container\">\n<div class=\"uagb-container-inner-blocks-wrap\">\n<div class=\"wp-block-uagb-container uagb-block-2642c518\">\n<div class=\"wp-block-uagb-image aligncenter uagb-block-ac229c30 wp-block-uagb-image--layout-default wp-block-uagb-image--effect-static wp-block-uagb-image--align-center\"><\/div>\n<\/div>\n<\/div>\n<\/div>\n<p>[\/et_pb_text][\/et_pb_column][\/et_pb_row][\/et_pb_section][et_pb_section fb_built=\u00bb1&#8243; _builder_version=\u00bb4.6.5&#8243; _module_preset=\u00bbdefault\u00bb background_color=\u00bb#ef7d00ff\u00bb custom_padding=\u00bb10px||10px||false|false\u00bb][et_pb_row column_structure=\u00bb1_2,1_2&#8243; _builder_version=\u00bb4.6.5&#8243; _module_preset=\u00bbdefault\u00bb][et_pb_column type=\u00bb1_2&#8243; _builder_version=\u00bb4.6.5&#8243; _module_preset=\u00bbdefault\u00bb][et_pb_text _builder_version=\u00bb4.6.5&#8243; _module_preset=\u00bbdefault\u00bb text_text_color=\u00bb#ffffff\u00bb]<\/p>\n<h1 style=\"text-align: center;\"><span style=\"color: #ffffff;\">LLAMA AHORA<\/span><\/h1>\n<p>[\/et_pb_text][\/et_pb_column][et_pb_column type=\u00bb1_2&#8243; _builder_version=\u00bb4.6.5&#8243; _module_preset=\u00bbdefault\u00bb][et_pb_text _builder_version=\u00bb4.6.5&#8243; _module_preset=\u00bbdefault\u00bb]<\/p>\n<h2 style=\"text-align: center;\"><strong>616 341 986<\/strong><\/h2>\n<div class=\"wp-block-uagb-container uagb-block-79933e61 alignfull uagb-is-root-container\">\n<div class=\"uagb-container-inner-blocks-wrap\">\n<div class=\"wp-block-uagb-container uagb-block-2642c518\">\n<div class=\"wp-block-uagb-image aligncenter uagb-block-ac229c30 wp-block-uagb-image--layout-default wp-block-uagb-image--effect-static wp-block-uagb-image--align-center\"><\/div>\n<\/div>\n<\/div>\n<\/div>\n<p>[\/et_pb_text][\/et_pb_column][\/et_pb_row][\/et_pb_section][et_pb_section fb_built=\u00bb1&#8243; _builder_version=\u00bb4.6.5&#8243; _module_preset=\u00bbdefault\u00bb][et_pb_row column_structure=\u00bb1_4,1_4,1_4,1_4&#8243; _builder_version=\u00bb4.6.5&#8243; _module_preset=\u00bbdefault\u00bb][et_pb_column type=\u00bb1_4&#8243; _builder_version=\u00bb4.6.5&#8243; _module_preset=\u00bbdefault\u00bb][et_pb_image src=\u00bbhttps:\/\/www.eldeco.es\/trends\/wp-content\/uploads\/2024\/02\/18935-mesa-slab-1-m-redi-2-medium.jpg\u00bb title_text=\u00bb18935-mesa-slab-1-m-redi-2-medium\u00bb url=\u00bbhttps:\/\/www.toolquick.es\/alquiler-herramientas\/corte-de-ceramica\/mesa-de-trabajo-para-azulejos-gran-formato\u00bb _builder_version=\u00bb4.6.5&#8243; _module_preset=\u00bbdefault\u00bb][\/et_pb_image][et_pb_text _builder_version=\u00bb4.6.5&#8243; _module_preset=\u00bbdefault\u00bb]<\/p>\n<p style=\"text-align: center;\">Mesa de corte de gran formato<\/p>\n<p>[\/et_pb_text][\/et_pb_column][et_pb_column type=\u00bb1_4&#8243; _builder_version=\u00bb4.6.5&#8243; _module_preset=\u00bbdefault\u00bb][et_pb_image src=\u00bbhttps:\/\/www.eldeco.es\/trends\/wp-content\/uploads\/2024\/02\/unnamed-3-medium.jpg\u00bb title_text=\u00bbunnamed-3-medium\u00bb url=\u00bbhttps:\/\/www.toolquick.es\/alquiler-herramientas\/corte-de-ceramica\/mesa-de-trabajo-para-azulejos-gran-formato\u00bb _builder_version=\u00bb4.6.5&#8243; _module_preset=\u00bbdefault\u00bb][\/et_pb_image][et_pb_text _builder_version=\u00bb4.6.5&#8243; _module_preset=\u00bbdefault\u00bb]<\/p>\n<p style=\"text-align: center;\">Manipulaci\u00f3n de grandes formatos, nivelaci\u00f3n laser<\/p>\n<p>[\/et_pb_text][\/et_pb_column][et_pb_column type=\u00bb1_4&#8243; _builder_version=\u00bb4.6.5&#8243; _module_preset=\u00bbdefault\u00bb][et_pb_image src=\u00bbhttps:\/\/www.eldeco.es\/trends\/wp-content\/uploads\/2024\/02\/cortadora-azulejos-manual-120-130mts-medium.jpg\u00bb title_text=\u00bbcortadora-azulejos-manual-120-130mts-medium\u00bb url=\u00bbhttps:\/\/www.toolquick.es\/alquiler-herramientas\/corte-de-ceramica\/mesa-de-trabajo-para-azulejos-gran-formato\u00bb _builder_version=\u00bb4.6.5&#8243; _module_preset=\u00bbdefault\u00bb][\/et_pb_image][et_pb_text _builder_version=\u00bb4.6.5&#8243; _module_preset=\u00bbdefault\u00bb]<\/p>\n<p style=\"text-align: center;\">Cortadoras manuales de hasta 180 cm, amoladoras, &#8230;<\/p>\n<p>[\/et_pb_text][\/et_pb_column][et_pb_column type=\u00bb1_4&#8243; _builder_version=\u00bb4.6.5&#8243; _module_preset=\u00bbdefault\u00bb][et_pb_image src=\u00bbhttps:\/\/www.eldeco.es\/trends\/wp-content\/uploads\/2024\/02\/cc-mesa-corte-humedo-160-medium.jpg\u00bb title_text=\u00bbcc-mesa-corte-humedo-160-medium\u00bb url=\u00bbhttps:\/\/www.toolquick.es\/alquiler-herramientas\/corte-de-ceramica\/mesa-de-trabajo-para-azulejos-gran-formato\u00bb _builder_version=\u00bb4.6.5&#8243; _module_preset=\u00bbdefault\u00bb][\/et_pb_image][et_pb_text _builder_version=\u00bb4.6.5&#8243; _module_preset=\u00bbdefault\u00bb]<\/p>\n<p style=\"text-align: center;\">Mesas de corte de agua, tronzadoras, ingletadoras &#8230;.<\/p>\n<p>[\/et_pb_text][\/et_pb_column][\/et_pb_row][et_pb_row column_structure=\u00bb1_4,1_4,1_4,1_4&#8243; _builder_version=\u00bb4.6.5&#8243; _module_preset=\u00bbdefault\u00bb hover_enabled=\u00bb0&#8243; sticky_enabled=\u00bb0&#8243;][et_pb_column type=\u00bb1_4&#8243; _builder_version=\u00bb4.6.5&#8243; _module_preset=\u00bbdefault\u00bb][et_pb_image src=\u00bbhttps:\/\/www.eldeco.es\/trends\/wp-content\/uploads\/2024\/02\/d-martillo-rompedor-85j-2-medium.jpg\u00bb title_text=\u00bbd-martillo-rompedor-85j-2-medium\u00bb url=\u00bbhttps:\/\/www.toolquick.es\/alquiler-herramientas\/corte-de-ceramica\/mesa-de-trabajo-para-azulejos-gran-formato\u00bb _builder_version=\u00bb4.6.5&#8243; _module_preset=\u00bbdefault\u00bb][\/et_pb_image][et_pb_text _builder_version=\u00bb4.6.5&#8243; _module_preset=\u00bbdefault\u00bb]<\/p>\n<p style=\"text-align: center;\">Martillos demoledores, perforadoras, a cable y bater\u00eda<\/p>\n<p>[\/et_pb_text][\/et_pb_column][et_pb_column type=\u00bb1_4&#8243; _builder_version=\u00bb4.6.5&#8243; _module_preset=\u00bbdefault\u00bb][et_pb_image src=\u00bbhttps:\/\/www.eldeco.es\/trends\/wp-content\/uploads\/2024\/02\/l-hidrolimpiadora-gasolina-alta-presion-002-medium.png\u00bb title_text=\u00bbl-hidrolimpiadora-gasolina-alta-presion-002-medium\u00bb url=\u00bbhttps:\/\/www.toolquick.es\/alquiler-herramientas\/corte-de-ceramica\/mesa-de-trabajo-para-azulejos-gran-formato\u00bb _builder_version=\u00bb4.6.5&#8243; _module_preset=\u00bbdefault\u00bb][\/et_pb_image][et_pb_text _builder_version=\u00bb4.6.5&#8243; _module_preset=\u00bbdefault\u00bb]<\/p>\n<p style=\"text-align: center;\">Hidrolavadoras el\u00e9ctricas o gasolina, con agua caliente, barredoras, pulidoras&#8230;<\/p>\n<p>[\/et_pb_text][\/et_pb_column][et_pb_column type=\u00bb1_4&#8243; _builder_version=\u00bb4.6.5&#8243; _module_preset=\u00bbdefault\u00bb][et_pb_image src=\u00bbhttps:\/\/www.eldeco.es\/trends\/wp-content\/uploads\/2024\/02\/hormigonera-grande-medium.jpg\u00bb title_text=\u00bbhormigonera-grande-medium\u00bb url=\u00bbhttps:\/\/www.toolquick.es\/alquiler-herramientas\/corte-de-ceramica\/mesa-de-trabajo-para-azulejos-gran-formato\u00bb _builder_version=\u00bb4.6.5&#8243; _module_preset=\u00bbdefault\u00bb][\/et_pb_image][et_pb_text _builder_version=\u00bb4.6.5&#8243; _module_preset=\u00bbdefault\u00bb]<\/p>\n<p style=\"text-align: center;\">Hormigoneras, mezcladoras, tubos de desescombro&#8230;<\/p>\n<p>[\/et_pb_text][\/et_pb_column][et_pb_column type=\u00bb1_4&#8243; _builder_version=\u00bb4.6.5&#8243; _module_preset=\u00bbdefault\u00bb][et_pb_image src=\u00bbhttps:\/\/www.eldeco.es\/trends\/wp-content\/uploads\/2024\/02\/ta-andamio-profesional-altrex-2-1-medium.png\u00bb title_text=\u00bbta-andamio-profesional-altrex-2-1-medium\u00bb url=\u00bbhttps:\/\/www.toolquick.es\/alquiler-herramientas\/corte-de-ceramica\/mesa-de-trabajo-para-azulejos-gran-formato\u00bb _builder_version=\u00bb4.6.5&#8243; _module_preset=\u00bbdefault\u00bb][\/et_pb_image][et_pb_text _builder_version=\u00bb4.6.5&#8243; _module_preset=\u00bbdefault\u00bb]<\/p>\n<p style=\"text-align: center;\">Alquiler de andamiaje, escaleras, elevaci\u00f3n&#8230;<\/p>\n<p>[\/et_pb_text][\/et_pb_column][\/et_pb_row][\/et_pb_section][et_pb_section fb_built=\u00bb1&#8243; _builder_version=\u00bb4.6.5&#8243; _module_preset=\u00bbdefault\u00bb background_color=\u00bb#ef7d00ff\u00bb][et_pb_row _builder_version=\u00bb4.6.5&#8243; _module_preset=\u00bbdefault\u00bb][et_pb_column type=\u00bb4_4&#8243; _builder_version=\u00bb4.6.5&#8243; _module_preset=\u00bbdefault\u00bb][et_pb_text _builder_version=\u00bb4.6.5&#8243; _module_preset=\u00bbdefault\u00bb text_text_color=\u00bb#ffffff\u00bb]<\/p>\n<h1 style=\"text-align: center;\"><span color=\"#ffffff\" style=\"color: #ffffff;\">descarga el cat\u00e1logo completo 2024 <span style=\"text-decoration: underline;\"><a href=\"https:\/\/drive.google.com\/file\/d\/1bByjjrrECdXBgnBxzcjtaUHeW2T6p6mK\/view?usp=sharing\">aqu\u00ed<\/a><\/span><\/span><\/h1>\n<p>[\/et_pb_text][\/et_pb_column][\/et_pb_row][\/et_pb_section][et_pb_section fb_built=\u00bb1&#8243; _builder_version=\u00bb4.6.5&#8243; _module_preset=\u00bbdefault\u00bb][et_pb_row _builder_version=\u00bb4.6.5&#8243; _module_preset=\u00bbdefault\u00bb][et_pb_column type=\u00bb4_4&#8243; _builder_version=\u00bb4.6.5&#8243; _module_preset=\u00bbdefault\u00bb][et_pb_text _builder_version=\u00bb4.6.5&#8243; _module_preset=\u00bbdefault\u00bb]<\/p>\n<p><strong>\u00a1Opta por el alquiler de herramientas y maquinaria para construcci\u00f3n!<\/strong><\/p>\n<p>En el mundo de la construcci\u00f3n, la eficiencia y la rentabilidad son esenciales. Es por eso que en <a href=\"www.eldeco.es\">Eldeco<\/a> sabemos que\u00a0 el alquiler de herramientas y maquinaria se ha convertido en una opci\u00f3n cada vez m\u00e1s popular para empresas y particulares. \u00bfPor qu\u00e9 atarte a la carga de comprar equipos costosos cuando puedes disfrutar de estas ventajas alquil\u00e1ndolos?<\/p>\n<p><strong>1. Reducci\u00f3n de costos iniciales:<\/strong> Alquilar herramientas y maquinaria te permite evitar el gasto inicial significativo asociado con la compra de equipos nuevos. Esto libera liquidez para otras necesidades del proyecto y reduce la carga financiera inicial.<\/p>\n<p><strong style=\"font-size: 15px;\">2. Acceso a equipos de \u00faltima generaci\u00f3n:<\/strong><span style=\"font-size: 15px;\"> El alquiler te brinda acceso a una <\/span><a href=\"https:\/\/www.toolquick.es\/alquiler-herramientas\/auxiliar-de-construccion\" style=\"font-size: 15px;\">amplia gama de herramientas<\/a><span style=\"font-size: 15px;\"> y maquinaria de alta calidad y \u00faltima tecnolog\u00eda sin la necesidad de invertir en su compra. Esto te permite utilizar equipos actualizados que maximizan la eficiencia y la calidad del trabajo.<\/span><\/p>\n<p><strong>3. Flexibilidad y variedad:<\/strong> Los proyectos de construcci\u00f3n pueden variar en tama\u00f1o y alcance, y las necesidades de equipos tambi\u00e9n pueden cambiar. Al alquilar, tienes la flexibilidad de elegir la herramienta o maquinaria adecuada para cada tarea espec\u00edfica, sin comprometerte con un equipo que puede ser subutilizado en el futuro.<\/p>\n<p><strong>4. Mantenimiento y reparaciones:<\/strong> El mantenimiento y las reparaciones de equipos pueden ser costosos y consumir mucho tiempo. Al alquilar, te liberas de estas responsabilidades, ya que el <a href=\"https:\/\/www.toolquick.es\/\">Tool Quick<\/a> es el responsable de garantizar que los equipos est\u00e9n en condiciones \u00f3ptimas de funcionamiento.<\/p>\n<p><strong>5. Eliminaci\u00f3n de preocupaciones de almacenamiento:<\/strong> Los equipos de construcci\u00f3n ocupan espacio considerable, especialmente cuando no est\u00e1n en uso. Al alquilar, no tienes que preocuparte por el almacenamiento a largo plazo de equipos que pueden ser voluminosos y dif\u00edciles de manejar.<\/p>\n<p><strong>6. Prueba antes de comprar:<\/strong> El alquiler te brinda la oportunidad de probar diferentes marcas y modelos de herramientas y maquinaria antes de comprometerte a una compra. Esto te permite tomar decisiones m\u00e1s informadas sobre qu\u00e9 equipos son los m\u00e1s adecuados para tus necesidades espec\u00edficas.<\/p>\n<p>En resumen, el alquiler de herramientas y maquinaria para construcci\u00f3n ofrece una soluci\u00f3n flexible, rentable y sin complicaciones para satisfacer tus necesidades de equipo. \u00a1Opta por el alquiler y lleva tu proyecto de construcci\u00f3n al siguiente nivel!<\/p>\n<p>Pero por supuesto,\u00a0 si prefieres comprar cuenta con nosotros y te conseguiremos la mejor maquinaria de la marca que necesites y al mejor precio.\u00a0<\/p>\n<p>[\/et_pb_text][\/et_pb_column][\/et_pb_row][\/et_pb_section][et_pb_section fb_built=\u00bb1&#8243; _builder_version=\u00bb4.6.5&#8243; _module_preset=\u00bbdefault\u00bb background_color=\u00bb#ef7d00ff\u00bb hover_enabled=\u00bb0&#8243; custom_padding=\u00bb0px||0px||false|false\u00bb sticky_enabled=\u00bb0&#8243;][et_pb_row _builder_version=\u00bb4.6.5&#8243; _module_preset=\u00bbdefault\u00bb hover_enabled=\u00bb0&#8243; sticky_enabled=\u00bb0&#8243;][et_pb_column type=\u00bb4_4&#8243; _builder_version=\u00bb4.6.5&#8243; _module_preset=\u00bbdefault\u00bb][et_pb_image src=\u00bbhttps:\/\/www.eldeco.es\/trends\/wp-content\/uploads\/2024\/02\/mejor-empresa-de-alquiler-toolquick.png\u00bb _builder_version=\u00bb4.6.5&#8243; _module_preset=\u00bbdefault\u00bb title_text=\u00bbmejor empresa de alquiler toolquick\u00bb align=\u00bbcenter\u00bb hover_enabled=\u00bb0&#8243; sticky_enabled=\u00bb0&#8243;][\/et_pb_image][\/et_pb_column][\/et_pb_row][\/et_pb_section]<\/p>\n","protected":false},"excerpt":{"rendered":"<p>Ahora en Eldeco puedes alquilar una impresionante cantidad de todo tipo de herramientas y maquinaria. De manera sencilla y r\u00e1pida, accede al m\u00e1s amplio cat\u00e1logo con producto m\u00e1s fiable de las primeras marcas. Un nuevo punto en Benidorm para alquilar herramienta y maquinara que necesites, tanto si eres profesional como si eres particular.ELIGES TU M\u00c1QUINA [&hellip;]<\/p>\n","protected":false},"author":2,"featured_media":0,"parent":0,"menu_order":0,"comment_status":"closed","ping_status":"closed","template":"","meta":{"_et_pb_use_builder":"on","_et_pb_old_content":"<p>Ahora en <a href=\"https:\/\/www.eldeco.es\/trends\/nueva-ferreteria-benidorm\/\">Eldeco<\/a> puedes alquilar una impresionante cantidad de todo tipo de herramientas y maquinaria.<br \/>De manera sencilla y r\u00e1pida, accede al m\u00e1s amplio <a href=\"https:\/\/drive.google.com\/file\/d\/1bByjjrrECdXBgnBxzcjtaUHeW2T6p6mK\/view?usp=sharing\">cat\u00e1logo<\/a> con producto m\u00e1s fiable de las primeras marcas.<br \/>Un nuevo punto en <a href=\"https:\/\/maps.app.goo.gl\/X1QgxfqGchC7rq6A8\">Benidorm<\/a> para alquilar herramienta y maquinara que necesites, tanto si eres profesional como si eres particular.<\/p>\n\n<!-- wp:uagb\/image {\"block_id\":\"1fd23f93\",\"url\":\"https:\/\/www.eldeco.es\/trends\/wp-content\/uploads\/2024\/02\/como-funciona-el-alquiler-en-Eldeco-Benidorm.png\",\"urlTablet\":\"https:\/\/www.eldeco.es\/trends\/wp-content\/uploads\/2024\/02\/como-funciona-el-alquiler-en-Eldeco-Benidorm.png\",\"alt\":\"como-funciona-el-alquiler-en-Eldeco-Benidorm\",\"align\":\"center\",\"id\":2096,\"linkDestination\":\"none\",\"widthTablet\":794,\"heightTablet\":324,\"naturalWidth\":794,\"naturalHeight\":324,\"sizeSlug\":\"full\",\"sizeSlugTablet\":\"full\",\"sizeSlugMobile\":\"full\"} -->\n<div class=\"wp-block-uagb-image aligncenter uagb-block-1fd23f93 wp-block-uagb-image--layout-default wp-block-uagb-image--effect-static wp-block-uagb-image--align-center\"><figure class=\"wp-block-uagb-image__figure\"><img srcset=\"https:\/\/www.eldeco.es\/trends\/wp-content\/uploads\/2024\/02\/como-funciona-el-alquiler-en-Eldeco-Benidorm.png ,https:\/\/www.eldeco.es\/trends\/wp-content\/uploads\/2024\/02\/como-funciona-el-alquiler-en-Eldeco-Benidorm.png 780w\" sizes=\"(max-width: 480px) 150px\" src=\"https:\/\/www.eldeco.es\/trends\/wp-content\/uploads\/2024\/02\/como-funciona-el-alquiler-en-Eldeco-Benidorm.png\" alt=\"como-funciona-el-alquiler-en-Eldeco-Benidorm\" class=\"uag-image-2096\" width=\"794\" height=\"324\" title=\"\" loading=\"lazy\"\/><\/figure><\/div>\n<!-- \/wp:uagb\/image -->\n\n<!-- wp:uagb\/container {\"block_id\":\"e3ee6a34\",\"innerContentCustomWidthDesktop\":1600,\"innerContentCustomWidthMobile\":426,\"minHeightDesktop\":0,\"directionDesktop\":\"row\",\"backgroundType\":\"color\",\"backgroundColor\":\"#ef7d00\",\"borderStyle\":\"\",\"topPaddingDesktop\":0,\"bottomPaddingDesktop\":0,\"leftPaddingDesktop\":20,\"rightPaddingDesktop\":20,\"topPaddingTablet\":64,\"bottomPaddingTablet\":64,\"leftPaddingTablet\":48,\"rightPaddingTablet\":48,\"topPaddingMobile\":50,\"bottomPaddingMobile\":50,\"leftPaddingMobile\":24,\"rightPaddingMobile\":24,\"paddingLink\":false,\"variationSelected\":true,\"rowGapDesktop\":0,\"rowGapMobile\":40,\"columnGapDesktop\":0,\"columnGapTablet\":40,\"columnGapMobile\":0,\"isBlockRootParent\":true} -->\n<div class=\"wp-block-uagb-container uagb-block-e3ee6a34 alignfull uagb-is-root-container\"><div class=\"uagb-container-inner-blocks-wrap\"><!-- wp:uagb\/container {\"block_id\":\"d8445907\",\"widthDesktop\":20,\"minHeightDesktop\":0,\"alignItemsTablet\":\"center\",\"alignItemsMobile\":\"center\",\"borderStyle\":\"\",\"topPaddingDesktop\":0,\"bottomPaddingDesktop\":0,\"leftPaddingDesktop\":0,\"rightPaddingDesktop\":0,\"topPaddingTablet\":0,\"bottomPaddingTablet\":0,\"leftPaddingTablet\":0,\"rightPaddingTablet\":0,\"topPaddingMobile\":0,\"bottomPaddingMobile\":0,\"leftPaddingMobile\":0,\"rightPaddingMobile\":0,\"topMarginDesktop\":5,\"bottomMarginDesktop\":5,\"leftMarginDesktop\":5,\"rightMarginDesktop\":5,\"variationSelected\":true,\"rowGapDesktop\":10,\"columnGapDesktop\":10,\"widthSetByUser\":true} -->\n<div class=\"wp-block-uagb-container uagb-block-d8445907\"><!-- wp:uagb\/image {\"block_id\":\"e9dfbbe9\",\"url\":\"https:\/\/www.eldeco.es\/trends\/wp-content\/uploads\/2024\/02\/martillo.png\",\"align\":\"center\",\"id\":2098,\"linkDestination\":\"none\",\"naturalWidth\":845,\"naturalHeight\":553,\"sizeSlug\":\"large\"} -->\n<div class=\"wp-block-uagb-image aligncenter uagb-block-e9dfbbe9 wp-block-uagb-image--layout-default wp-block-uagb-image--effect-static wp-block-uagb-image--align-center\"><figure class=\"wp-block-uagb-image__figure\"><img srcset=\"https:\/\/www.eldeco.es\/trends\/wp-content\/uploads\/2024\/02\/martillo.png \" sizes=\"(max-width: 480px) 150px\" src=\"https:\/\/www.eldeco.es\/trends\/wp-content\/uploads\/2024\/02\/martillo.png\" alt=\"\" class=\"uag-image-2098\" width=\"845\" height=\"553\" title=\"\" loading=\"lazy\"\/><\/figure><\/div>\n<!-- \/wp:uagb\/image --><\/div>\n<!-- \/wp:uagb\/container -->\n\n<!-- wp:uagb\/container {\"block_id\":\"e03c7a26\",\"widthDesktop\":60,\"minHeightDesktop\":0,\"borderStyle\":\"\",\"topPaddingDesktop\":0,\"bottomPaddingDesktop\":0,\"leftPaddingDesktop\":0,\"rightPaddingDesktop\":0,\"leftPaddingTablet\":0,\"rightPaddingTablet\":0,\"leftPaddingMobile\":0,\"rightPaddingMobile\":0,\"paddingType\":\"em\",\"variationSelected\":true,\"rowGapDesktop\":0,\"rowGapTablet\":0,\"columnGapDesktop\":0,\"columnGapTablet\":0,\"widthSetByUser\":true} -->\n<div class=\"wp-block-uagb-container uagb-block-e03c7a26\"><!-- wp:uagb\/info-box {\"classMigrate\":true,\"headingAlign\":\"left\",\"headingAlignTablet\":\"left\",\"headingAlignMobile\":\"left\",\"headingColor\":\"var(u002du002dast-global-color-2)\",\"subHeadingColor\":\"var(u002du002dast-global-color-3)\",\"prefixColor\":\"var(u002du002dast-global-color-2)\",\"prefixFontWeight\":\"500\",\"headingTag\":\"h2\",\"headFontSize\":27,\"headFontWeight\":\"600\",\"headLineHeight\":0,\"headSpace\":14,\"subHeadSpace\":30,\"block_id\":\"a0b8ede5\",\"showCtaIcon\":false,\"ctaIcon\":\"\",\"ctaText\":\"Call To Action\",\"ctaLink\":\"#\",\"ctaBtnLinkColor\":\"\",\"ctaBgColor\":\"\",\"ctaBorderColor\":\"\",\"ctaBorderStyle\":\"\",\"ctaBorderWidth\":\"\",\"ctaBorderRadius\":\"\",\"showIcon\":false,\"paddingBtnTop\":18,\"paddingBtnBottom\":18,\"paddingBtnLeft\":34,\"paddingBtnRight\":34,\"prefixSpace\":20,\"btnBorderTopWidth\":0,\"btnBorderLeftWidth\":0,\"btnBorderRightWidth\":0,\"btnBorderBottomWidth\":0,\"btnBorderTopLeftRadius\":0,\"btnBorderTopRightRadius\":0,\"btnBorderBottomLeftRadius\":0,\"btnBorderBottomRightRadius\":0,\"btnBorderStyle\":\"solid\",\"btnBorderColor\":\"#333\"} -->\n<div class=\"wp-block-uagb-info-box uagb-block-a0b8ede5 uagb-infobox__content-wrap  uagb-infobox-icon-above-title uagb-infobox-image-valign-top\"><div class=\"uagb-ifb-content\"><div class=\"uagb-ifb-title-wrap\"><h2 class=\"uagb-ifb-title\"><strong>ELIGES TU M\u00c1QUINA<br><\/strong><\/h2><\/div><p class=\"uagb-ifb-desc\">M\u00e1s de 300 familias de m\u00e1quinas a tu disposici\u00f3n.<\/p><\/div><\/div>\n<!-- \/wp:uagb\/info-box --><\/div>\n<!-- \/wp:uagb\/container --><\/div><\/div>\n<!-- \/wp:uagb\/container -->\n\n<!-- wp:uagb\/container {\"block_id\":\"79933e61\",\"innerContentCustomWidthDesktop\":1600,\"innerContentCustomWidthMobile\":426,\"minHeightDesktop\":0,\"directionDesktop\":\"row\",\"backgroundType\":\"color\",\"backgroundColor\":\"#ef7d00\",\"borderStyle\":\"\",\"topPaddingDesktop\":0,\"bottomPaddingDesktop\":0,\"leftPaddingDesktop\":20,\"rightPaddingDesktop\":20,\"topPaddingTablet\":64,\"bottomPaddingTablet\":64,\"leftPaddingTablet\":48,\"rightPaddingTablet\":48,\"topPaddingMobile\":50,\"bottomPaddingMobile\":50,\"leftPaddingMobile\":24,\"rightPaddingMobile\":24,\"paddingLink\":false,\"variationSelected\":true,\"rowGapDesktop\":0,\"rowGapMobile\":40,\"columnGapDesktop\":0,\"columnGapTablet\":40,\"columnGapMobile\":0,\"isBlockRootParent\":true} -->\n<div class=\"wp-block-uagb-container uagb-block-79933e61 alignfull uagb-is-root-container\"><div class=\"uagb-container-inner-blocks-wrap\"><!-- wp:uagb\/container {\"block_id\":\"2642c518\",\"widthDesktop\":20,\"minHeightDesktop\":0,\"alignItemsTablet\":\"center\",\"alignItemsMobile\":\"center\",\"borderStyle\":\"\",\"topPaddingDesktop\":0,\"bottomPaddingDesktop\":0,\"leftPaddingDesktop\":0,\"rightPaddingDesktop\":0,\"topPaddingTablet\":0,\"bottomPaddingTablet\":0,\"leftPaddingTablet\":0,\"rightPaddingTablet\":0,\"topPaddingMobile\":0,\"bottomPaddingMobile\":0,\"leftPaddingMobile\":0,\"rightPaddingMobile\":0,\"topMarginDesktop\":5,\"bottomMarginDesktop\":5,\"leftMarginDesktop\":5,\"rightMarginDesktop\":5,\"variationSelected\":true,\"rowGapDesktop\":10,\"columnGapDesktop\":10,\"widthSetByUser\":true} -->\n<div class=\"wp-block-uagb-container uagb-block-2642c518\"><!-- wp:uagb\/image {\"block_id\":\"ac229c30\",\"url\":\"https:\/\/www.eldeco.es\/trends\/wp-content\/uploads\/2024\/02\/la-recibes-en-24-horas.png\",\"align\":\"center\",\"id\":2107,\"linkDestination\":\"none\",\"naturalWidth\":845,\"naturalHeight\":553,\"sizeSlug\":\"full\",\"sizeSlugTablet\":\"full\",\"sizeSlugMobile\":\"full\"} -->\n<div class=\"wp-block-uagb-image aligncenter uagb-block-ac229c30 wp-block-uagb-image--layout-default wp-block-uagb-image--effect-static wp-block-uagb-image--align-center\"><figure class=\"wp-block-uagb-image__figure\"><img srcset=\"https:\/\/www.eldeco.es\/trends\/wp-content\/uploads\/2024\/02\/la-recibes-en-24-horas.png \" sizes=\"(max-width: 480px) 150px\" src=\"https:\/\/www.eldeco.es\/trends\/wp-content\/uploads\/2024\/02\/la-recibes-en-24-horas.png\" alt=\"\" class=\"uag-image-2107\" width=\"845\" height=\"553\" title=\"\" loading=\"lazy\"\/><\/figure><\/div>\n<!-- \/wp:uagb\/image --><\/div>\n<!-- \/wp:uagb\/container -->\n\n<!-- wp:uagb\/container {\"block_id\":\"eb1db7da\",\"widthDesktop\":60,\"minHeightDesktop\":0,\"borderStyle\":\"\",\"topPaddingDesktop\":0,\"bottomPaddingDesktop\":0,\"leftPaddingDesktop\":0,\"rightPaddingDesktop\":0,\"leftPaddingTablet\":0,\"rightPaddingTablet\":0,\"leftPaddingMobile\":0,\"rightPaddingMobile\":0,\"paddingType\":\"em\",\"variationSelected\":true,\"rowGapDesktop\":0,\"rowGapTablet\":0,\"columnGapDesktop\":0,\"columnGapTablet\":0,\"widthSetByUser\":true} -->\n<div class=\"wp-block-uagb-container uagb-block-eb1db7da\"><!-- wp:uagb\/info-box {\"classMigrate\":true,\"headingAlign\":\"left\",\"headingAlignTablet\":\"left\",\"headingAlignMobile\":\"left\",\"headingColor\":\"var(u002du002dast-global-color-2)\",\"subHeadingColor\":\"var(u002du002dast-global-color-3)\",\"prefixColor\":\"var(u002du002dast-global-color-2)\",\"prefixFontWeight\":\"500\",\"headingTag\":\"h2\",\"headFontSize\":27,\"headFontWeight\":\"600\",\"headLineHeight\":0,\"headSpace\":14,\"subHeadSpace\":30,\"block_id\":\"c2406cdd\",\"showCtaIcon\":false,\"ctaIcon\":\"\",\"ctaText\":\"Call To Action\",\"ctaLink\":\"#\",\"ctaBtnLinkColor\":\"\",\"ctaBgColor\":\"\",\"ctaBorderColor\":\"\",\"ctaBorderStyle\":\"\",\"ctaBorderWidth\":\"\",\"ctaBorderRadius\":\"\",\"showIcon\":false,\"paddingBtnTop\":18,\"paddingBtnBottom\":18,\"paddingBtnLeft\":34,\"paddingBtnRight\":34,\"prefixSpace\":20,\"btnBorderTopWidth\":0,\"btnBorderLeftWidth\":0,\"btnBorderRightWidth\":0,\"btnBorderBottomWidth\":0,\"btnBorderTopLeftRadius\":0,\"btnBorderTopRightRadius\":0,\"btnBorderBottomLeftRadius\":0,\"btnBorderBottomRightRadius\":0,\"btnBorderStyle\":\"solid\",\"btnBorderColor\":\"#333\"} -->\n<div class=\"wp-block-uagb-info-box uagb-block-c2406cdd uagb-infobox__content-wrap  uagb-infobox-icon-above-title uagb-infobox-image-valign-top\"><div class=\"uagb-ifb-content\"><div class=\"uagb-ifb-title-wrap\"><h2 class=\"uagb-ifb-title\"><strong>LA RECIBES EN 24 HORAS<\/strong><\/h2><\/div><p class=\"uagb-ifb-desc\">Una vez configurada la m\u00e1quina<\/p><\/div><\/div>\n<!-- \/wp:uagb\/info-box --><\/div>\n<!-- \/wp:uagb\/container --><\/div><\/div>\n<!-- \/wp:uagb\/container -->\n\n<!-- wp:uagb\/container {\"block_id\":\"579aabe7\",\"innerContentCustomWidthDesktop\":1600,\"innerContentCustomWidthMobile\":426,\"minHeightDesktop\":0,\"directionDesktop\":\"row\",\"backgroundType\":\"color\",\"backgroundColor\":\"#ef7d00\",\"borderStyle\":\"\",\"topPaddingDesktop\":0,\"bottomPaddingDesktop\":0,\"leftPaddingDesktop\":20,\"rightPaddingDesktop\":20,\"topPaddingTablet\":64,\"bottomPaddingTablet\":64,\"leftPaddingTablet\":48,\"rightPaddingTablet\":48,\"topPaddingMobile\":50,\"bottomPaddingMobile\":50,\"leftPaddingMobile\":24,\"rightPaddingMobile\":24,\"paddingLink\":false,\"variationSelected\":true,\"rowGapDesktop\":0,\"rowGapMobile\":40,\"columnGapDesktop\":0,\"columnGapTablet\":40,\"columnGapMobile\":0,\"isBlockRootParent\":true} -->\n<div class=\"wp-block-uagb-container uagb-block-579aabe7 alignfull uagb-is-root-container\"><div class=\"uagb-container-inner-blocks-wrap\"><!-- wp:uagb\/container {\"block_id\":\"5277d4af\",\"widthDesktop\":20,\"minHeightDesktop\":0,\"alignItemsDesktop\":\"stretch\",\"alignItemsTablet\":\"stretch\",\"alignItemsMobile\":\"stretch\",\"borderStyle\":\"\",\"topPaddingDesktop\":0,\"bottomPaddingDesktop\":0,\"leftPaddingDesktop\":0,\"rightPaddingDesktop\":0,\"topPaddingTablet\":0,\"bottomPaddingTablet\":0,\"leftPaddingTablet\":0,\"rightPaddingTablet\":0,\"topPaddingMobile\":0,\"bottomPaddingMobile\":0,\"leftPaddingMobile\":0,\"rightPaddingMobile\":0,\"variationSelected\":true,\"rowGapDesktop\":10,\"columnGapDesktop\":10,\"widthSetByUser\":true,\"widthTypeTablet\":\"px\",\"equalHeight\":true} -->\n<div class=\"wp-block-uagb-container uagb-block-5277d4af\"><!-- wp:uagb\/image {\"block_id\":\"da4d68a5\",\"url\":\"https:\/\/www.eldeco.es\/trends\/wp-content\/uploads\/2024\/02\/disfrutas-de-tu-alquiler.png\",\"align\":\"center\",\"id\":2106,\"linkDestination\":\"none\",\"naturalWidth\":845,\"naturalHeight\":553,\"sizeSlug\":\"full\",\"sizeSlugTablet\":\"full\",\"sizeSlugMobile\":\"full\"} -->\n<div class=\"wp-block-uagb-image aligncenter uagb-block-da4d68a5 wp-block-uagb-image--layout-default wp-block-uagb-image--effect-static wp-block-uagb-image--align-center\"><figure class=\"wp-block-uagb-image__figure\"><img srcset=\"https:\/\/www.eldeco.es\/trends\/wp-content\/uploads\/2024\/02\/disfrutas-de-tu-alquiler.png \" sizes=\"(max-width: 480px) 150px\" src=\"https:\/\/www.eldeco.es\/trends\/wp-content\/uploads\/2024\/02\/disfrutas-de-tu-alquiler.png\" alt=\"\" class=\"uag-image-2106\" width=\"845\" height=\"553\" title=\"\" loading=\"lazy\"\/><\/figure><\/div>\n<!-- \/wp:uagb\/image --><\/div>\n<!-- \/wp:uagb\/container -->\n\n<!-- wp:uagb\/container {\"block_id\":\"3a0f2b3d\",\"widthDesktop\":60,\"minHeightDesktop\":0,\"borderStyle\":\"\",\"topPaddingDesktop\":0,\"bottomPaddingDesktop\":0,\"leftPaddingDesktop\":0,\"rightPaddingDesktop\":0,\"leftPaddingTablet\":0,\"rightPaddingTablet\":0,\"leftPaddingMobile\":0,\"rightPaddingMobile\":0,\"paddingType\":\"em\",\"variationSelected\":true,\"rowGapDesktop\":0,\"rowGapTablet\":0,\"columnGapDesktop\":0,\"columnGapTablet\":0,\"widthSetByUser\":true} -->\n<div class=\"wp-block-uagb-container uagb-block-3a0f2b3d\"><!-- wp:uagb\/info-box {\"classMigrate\":true,\"headingAlign\":\"left\",\"headingAlignTablet\":\"left\",\"headingAlignMobile\":\"left\",\"headingColor\":\"var(u002du002dast-global-color-2)\",\"subHeadingColor\":\"var(u002du002dast-global-color-3)\",\"prefixColor\":\"var(u002du002dast-global-color-2)\",\"prefixFontWeight\":\"500\",\"headingTag\":\"h2\",\"headFontSize\":27,\"headFontWeight\":\"600\",\"headLineHeight\":0,\"headSpace\":14,\"subHeadSpace\":30,\"block_id\":\"87602338\",\"showCtaIcon\":false,\"ctaIcon\":\"\",\"ctaText\":\"Call To Action\",\"ctaLink\":\"#\",\"ctaBtnLinkColor\":\"\",\"ctaBgColor\":\"\",\"ctaBorderColor\":\"\",\"ctaBorderStyle\":\"\",\"ctaBorderWidth\":\"\",\"ctaBorderRadius\":\"\",\"showIcon\":false,\"paddingBtnTop\":18,\"paddingBtnBottom\":18,\"paddingBtnLeft\":34,\"paddingBtnRight\":34,\"prefixSpace\":20,\"btnBorderTopWidth\":0,\"btnBorderLeftWidth\":0,\"btnBorderRightWidth\":0,\"btnBorderBottomWidth\":0,\"btnBorderTopLeftRadius\":0,\"btnBorderTopRightRadius\":0,\"btnBorderBottomLeftRadius\":0,\"btnBorderBottomRightRadius\":0,\"btnBorderStyle\":\"solid\",\"btnBorderColor\":\"#333\"} -->\n<div class=\"wp-block-uagb-info-box uagb-block-87602338 uagb-infobox__content-wrap  uagb-infobox-icon-above-title uagb-infobox-image-valign-top\"><div class=\"uagb-ifb-content\"><div class=\"uagb-ifb-title-wrap\"><h2 class=\"uagb-ifb-title\"><strong>DISFRUTAS DE TU ALQUILER<\/strong><\/h2><\/div><p class=\"uagb-ifb-desc\">M\u00e1s de 300 familias de m\u00e1quinas a tu disposici\u00f3n.<\/p><\/div><\/div>\n<!-- \/wp:uagb\/info-box --><\/div>\n<!-- \/wp:uagb\/container --><\/div><\/div>\n<!-- \/wp:uagb\/container -->\n\n<!-- wp:uagb\/container {\"block_id\":\"e4ef687d\",\"innerContentCustomWidthDesktop\":1600,\"innerContentCustomWidthMobile\":426,\"minHeightDesktop\":0,\"directionDesktop\":\"row\",\"backgroundType\":\"color\",\"backgroundColor\":\"#ef7d00\",\"borderStyle\":\"\",\"topPaddingDesktop\":0,\"bottomPaddingDesktop\":0,\"leftPaddingDesktop\":20,\"rightPaddingDesktop\":20,\"topPaddingTablet\":64,\"bottomPaddingTablet\":64,\"leftPaddingTablet\":48,\"rightPaddingTablet\":48,\"topPaddingMobile\":50,\"bottomPaddingMobile\":50,\"leftPaddingMobile\":24,\"rightPaddingMobile\":24,\"paddingLink\":false,\"variationSelected\":true,\"rowGapDesktop\":0,\"rowGapMobile\":40,\"columnGapDesktop\":0,\"columnGapTablet\":40,\"columnGapMobile\":0,\"isBlockRootParent\":true} -->\n<div class=\"wp-block-uagb-container uagb-block-e4ef687d alignfull uagb-is-root-container\"><div class=\"uagb-container-inner-blocks-wrap\"><!-- wp:uagb\/container {\"block_id\":\"b435dbc1\",\"widthDesktop\":20,\"minHeightDesktop\":0,\"alignItemsTablet\":\"center\",\"alignItemsMobile\":\"center\",\"borderStyle\":\"\",\"topPaddingDesktop\":0,\"bottomPaddingDesktop\":0,\"leftPaddingDesktop\":0,\"rightPaddingDesktop\":0,\"topPaddingTablet\":0,\"bottomPaddingTablet\":0,\"leftPaddingTablet\":0,\"rightPaddingTablet\":0,\"topPaddingMobile\":0,\"bottomPaddingMobile\":0,\"leftPaddingMobile\":0,\"rightPaddingMobile\":0,\"variationSelected\":true,\"rowGapDesktop\":10,\"columnGapDesktop\":10,\"widthSetByUser\":true} -->\n<div class=\"wp-block-uagb-container uagb-block-b435dbc1\"><!-- wp:uagb\/image {\"block_id\":\"c8157040\",\"url\":\"https:\/\/www.eldeco.es\/trends\/wp-content\/uploads\/2024\/02\/devuelves-la-maquina.png\",\"align\":\"center\",\"id\":2105,\"linkDestination\":\"none\",\"naturalWidth\":845,\"naturalHeight\":553,\"sizeSlug\":\"full\",\"sizeSlugTablet\":\"full\",\"sizeSlugMobile\":\"full\"} -->\n<div class=\"wp-block-uagb-image aligncenter uagb-block-c8157040 wp-block-uagb-image--layout-default wp-block-uagb-image--effect-static wp-block-uagb-image--align-center\"><figure class=\"wp-block-uagb-image__figure\"><img srcset=\"https:\/\/www.eldeco.es\/trends\/wp-content\/uploads\/2024\/02\/devuelves-la-maquina.png \" sizes=\"(max-width: 480px) 150px\" src=\"https:\/\/www.eldeco.es\/trends\/wp-content\/uploads\/2024\/02\/devuelves-la-maquina.png\" alt=\"\" class=\"uag-image-2105\" width=\"845\" height=\"553\" title=\"\" loading=\"lazy\"\/><\/figure><\/div>\n<!-- \/wp:uagb\/image --><\/div>\n<!-- \/wp:uagb\/container -->\n\n<!-- wp:uagb\/container {\"block_id\":\"656f0649\",\"widthDesktop\":60,\"minHeightDesktop\":0,\"borderStyle\":\"\",\"topPaddingDesktop\":0,\"bottomPaddingDesktop\":0,\"leftPaddingDesktop\":0,\"rightPaddingDesktop\":0,\"leftPaddingTablet\":0,\"rightPaddingTablet\":0,\"leftPaddingMobile\":0,\"rightPaddingMobile\":0,\"paddingType\":\"em\",\"variationSelected\":true,\"rowGapDesktop\":0,\"rowGapTablet\":0,\"columnGapDesktop\":0,\"columnGapTablet\":0,\"widthSetByUser\":true} -->\n<div class=\"wp-block-uagb-container uagb-block-656f0649\"><!-- wp:uagb\/info-box {\"classMigrate\":true,\"headingAlign\":\"left\",\"headingAlignTablet\":\"left\",\"headingAlignMobile\":\"left\",\"headingColor\":\"var(u002du002dast-global-color-2)\",\"subHeadingColor\":\"var(u002du002dast-global-color-3)\",\"prefixColor\":\"var(u002du002dast-global-color-2)\",\"prefixFontWeight\":\"500\",\"headingTag\":\"h2\",\"headFontSize\":27,\"headFontWeight\":\"600\",\"headLineHeight\":0,\"headSpace\":14,\"subHeadSpace\":30,\"block_id\":\"ce38eed7\",\"showCtaIcon\":false,\"ctaIcon\":\"\",\"ctaText\":\"Call To Action\",\"ctaLink\":\"#\",\"ctaBtnLinkColor\":\"\",\"ctaBgColor\":\"\",\"ctaBorderColor\":\"\",\"ctaBorderStyle\":\"\",\"ctaBorderWidth\":\"\",\"ctaBorderRadius\":\"\",\"showIcon\":false,\"paddingBtnTop\":18,\"paddingBtnBottom\":18,\"paddingBtnLeft\":34,\"paddingBtnRight\":34,\"prefixSpace\":20,\"btnBorderTopWidth\":0,\"btnBorderLeftWidth\":0,\"btnBorderRightWidth\":0,\"btnBorderBottomWidth\":0,\"btnBorderTopLeftRadius\":0,\"btnBorderTopRightRadius\":0,\"btnBorderBottomLeftRadius\":0,\"btnBorderBottomRightRadius\":0,\"btnBorderStyle\":\"solid\",\"btnBorderColor\":\"#333\"} -->\n<div class=\"wp-block-uagb-info-box uagb-block-ce38eed7 uagb-infobox__content-wrap  uagb-infobox-icon-above-title uagb-infobox-image-valign-top\"><div class=\"uagb-ifb-content\"><div class=\"uagb-ifb-title-wrap\"><h2 class=\"uagb-ifb-title\"><strong>DEVUELVES LA M\u00c1QUINA<\/strong><\/h2><\/div><p class=\"uagb-ifb-desc\">M\u00e1s de 300 familias de m\u00e1quinas a tu disposici\u00f3n.<\/p><\/div><\/div>\n<!-- \/wp:uagb\/info-box --><\/div>\n<!-- \/wp:uagb\/container --><\/div><\/div>\n<!-- \/wp:uagb\/container -->\n\n<!-- wp:uagb\/container {\"block_id\":\"5619424a\",\"innerContentCustomWidthDesktop\":1600,\"innerContentCustomWidthMobile\":426,\"minHeightDesktop\":0,\"directionDesktop\":\"row\",\"backgroundType\":\"color\",\"backgroundColor\":\"#ef7d00\",\"borderStyle\":\"\",\"topPaddingDesktop\":0,\"bottomPaddingDesktop\":0,\"leftPaddingDesktop\":20,\"rightPaddingDesktop\":20,\"topPaddingTablet\":64,\"bottomPaddingTablet\":64,\"leftPaddingTablet\":48,\"rightPaddingTablet\":48,\"topPaddingMobile\":50,\"bottomPaddingMobile\":50,\"leftPaddingMobile\":24,\"rightPaddingMobile\":24,\"paddingLink\":false,\"variationSelected\":true,\"rowGapDesktop\":0,\"rowGapMobile\":40,\"columnGapDesktop\":0,\"columnGapTablet\":40,\"columnGapMobile\":0,\"isBlockRootParent\":true} -->\n<div class=\"wp-block-uagb-container uagb-block-5619424a alignfull uagb-is-root-container\"><div class=\"uagb-container-inner-blocks-wrap\"><!-- wp:uagb\/container {\"block_id\":\"d08293c3\",\"widthDesktop\":20,\"minHeightDesktop\":0,\"alignItemsTablet\":\"center\",\"alignItemsMobile\":\"center\",\"borderStyle\":\"\",\"topPaddingDesktop\":0,\"bottomPaddingDesktop\":0,\"leftPaddingDesktop\":0,\"rightPaddingDesktop\":0,\"topPaddingTablet\":0,\"bottomPaddingTablet\":0,\"leftPaddingTablet\":0,\"rightPaddingTablet\":0,\"topPaddingMobile\":0,\"bottomPaddingMobile\":0,\"leftPaddingMobile\":0,\"rightPaddingMobile\":0,\"variationSelected\":true,\"rowGapDesktop\":10,\"columnGapDesktop\":10,\"widthSetByUser\":true} -->\n<div class=\"wp-block-uagb-container uagb-block-d08293c3\"><!-- wp:uagb\/image {\"block_id\":\"2af8e348\",\"url\":\"https:\/\/www.eldeco.es\/trends\/wp-content\/uploads\/2024\/02\/gestion-del-alquiler-online.png\",\"align\":\"center\",\"id\":2104,\"linkDestination\":\"none\",\"naturalWidth\":845,\"naturalHeight\":553,\"sizeSlug\":\"full\",\"sizeSlugTablet\":\"full\",\"sizeSlugMobile\":\"full\"} -->\n<div class=\"wp-block-uagb-image aligncenter uagb-block-2af8e348 wp-block-uagb-image--layout-default wp-block-uagb-image--effect-static wp-block-uagb-image--align-center\"><figure class=\"wp-block-uagb-image__figure\"><img srcset=\"https:\/\/www.eldeco.es\/trends\/wp-content\/uploads\/2024\/02\/gestion-del-alquiler-online.png \" sizes=\"(max-width: 480px) 150px\" src=\"https:\/\/www.eldeco.es\/trends\/wp-content\/uploads\/2024\/02\/gestion-del-alquiler-online.png\" alt=\"\" class=\"uag-image-2104\" width=\"845\" height=\"553\" title=\"\" loading=\"lazy\"\/><\/figure><\/div>\n<!-- \/wp:uagb\/image --><\/div>\n<!-- \/wp:uagb\/container -->\n\n<!-- wp:uagb\/container {\"block_id\":\"9473da39\",\"widthDesktop\":60,\"minHeightDesktop\":0,\"borderStyle\":\"\",\"topPaddingDesktop\":0,\"bottomPaddingDesktop\":0,\"leftPaddingDesktop\":0,\"rightPaddingDesktop\":0,\"leftPaddingTablet\":0,\"rightPaddingTablet\":0,\"leftPaddingMobile\":0,\"rightPaddingMobile\":0,\"paddingType\":\"em\",\"variationSelected\":true,\"rowGapDesktop\":0,\"rowGapTablet\":0,\"columnGapDesktop\":0,\"columnGapTablet\":0,\"widthSetByUser\":true} -->\n<div class=\"wp-block-uagb-container uagb-block-9473da39\"><!-- wp:uagb\/info-box {\"classMigrate\":true,\"headingAlign\":\"left\",\"headingAlignTablet\":\"left\",\"headingAlignMobile\":\"left\",\"headingColor\":\"var(u002du002dast-global-color-2)\",\"subHeadingColor\":\"var(u002du002dast-global-color-3)\",\"prefixColor\":\"var(u002du002dast-global-color-2)\",\"prefixFontWeight\":\"500\",\"headingTag\":\"h2\",\"headFontSize\":27,\"headFontWeight\":\"600\",\"headLineHeight\":0,\"headSpace\":14,\"subHeadSpace\":30,\"block_id\":\"325dab15\",\"showCtaIcon\":false,\"ctaIcon\":\"\",\"ctaText\":\"Call To Action\",\"ctaLink\":\"#\",\"ctaBtnLinkColor\":\"\",\"ctaBgColor\":\"\",\"ctaBorderColor\":\"\",\"ctaBorderStyle\":\"\",\"ctaBorderWidth\":\"\",\"ctaBorderRadius\":\"\",\"showIcon\":false,\"paddingBtnTop\":18,\"paddingBtnBottom\":18,\"paddingBtnLeft\":34,\"paddingBtnRight\":34,\"prefixSpace\":20,\"btnBorderTopWidth\":0,\"btnBorderLeftWidth\":0,\"btnBorderRightWidth\":0,\"btnBorderBottomWidth\":0,\"btnBorderTopLeftRadius\":0,\"btnBorderTopRightRadius\":0,\"btnBorderBottomLeftRadius\":0,\"btnBorderBottomRightRadius\":0,\"btnBorderStyle\":\"solid\",\"btnBorderColor\":\"#333\"} -->\n<div class=\"wp-block-uagb-info-box uagb-block-325dab15 uagb-infobox__content-wrap  uagb-infobox-icon-above-title uagb-infobox-image-valign-top\"><div class=\"uagb-ifb-content\"><div class=\"uagb-ifb-title-wrap\"><h2 class=\"uagb-ifb-title\"><strong>Y TODO LO GESTIONAS ONLINE<\/strong><\/h2><\/div><p class=\"uagb-ifb-desc\">M\u00e1s de 300 familias de m\u00e1quinas a tu disposici\u00f3n.<\/p><\/div><\/div>\n<!-- \/wp:uagb\/info-box --><\/div>\n<!-- \/wp:uagb\/container --><\/div><\/div>\n<!-- \/wp:uagb\/container -->","_et_gb_content_width":"1080","_uag_custom_page_level_css":"","footnotes":""},"class_list":["post-2095","page","type-page","status-publish","hentry"],"uagb_featured_image_src":{"full":false,"thumbnail":false,"medium":false,"medium_large":false,"large":false,"1536x1536":false,"2048x2048":false,"et-pb-post-main-image":false,"et-pb-post-main-image-fullwidth":false,"et-pb-portfolio-image":false,"et-pb-portfolio-module-image":false,"et-pb-portfolio-image-single":false,"et-pb-gallery-module-image-portrait":false,"et-pb-post-main-image-fullwidth-large":false,"et-pb-image--responsive--desktop":false,"et-pb-image--responsive--tablet":false,"et-pb-image--responsive--phone":false},"uagb_author_info":{"display_name":"eldeco","author_link":"https:\/\/www.eldeco.es\/trends\/author\/eldeco\/"},"uagb_comment_info":0,"uagb_excerpt":"Ahora en Eldeco puedes alquilar una impresionante cantidad de todo tipo de herramientas y maquinaria. De manera sencilla y r\u00e1pida, accede al m\u00e1s amplio cat\u00e1logo con producto m\u00e1s fiable de las primeras marcas. Un nuevo punto en Benidorm para alquilar herramienta y maquinara que necesites, tanto si eres profesional como si eres particular.ELIGES TU M\u00c1QUINA&hellip;","_links":{"self":[{"href":"https:\/\/www.eldeco.es\/trends\/wp-json\/wp\/v2\/pages\/2095"}],"collection":[{"href":"https:\/\/www.eldeco.es\/trends\/wp-json\/wp\/v2\/pages"}],"about":[{"href":"https:\/\/www.eldeco.es\/trends\/wp-json\/wp\/v2\/types\/page"}],"author":[{"embeddable":true,"href":"https:\/\/www.eldeco.es\/trends\/wp-json\/wp\/v2\/users\/2"}],"replies":[{"embeddable":true,"href":"https:\/\/www.eldeco.es\/trends\/wp-json\/wp\/v2\/comments?post=2095"}],"version-history":[{"count":27,"href":"https:\/\/www.eldeco.es\/trends\/wp-json\/wp\/v2\/pages\/2095\/revisions"}],"predecessor-version":[{"id":2155,"href":"https:\/\/www.eldeco.es\/trends\/wp-json\/wp\/v2\/pages\/2095\/revisions\/2155"}],"wp:attachment":[{"href":"https:\/\/www.eldeco.es\/trends\/wp-json\/wp\/v2\/media?parent=2095"}],"curies":[{"name":"wp","href":"https:\/\/api.w.org\/{rel}","templated":true}]}}